{"id":6,"date":"2016-10-10T07:31:57","date_gmt":"2016-10-10T07:31:57","guid":{"rendered":"http:\/\/www.hotelwallner.at\/?page_id=6"},"modified":"2025-11-11T11:45:22","modified_gmt":"2025-11-11T10:45:22","slug":"hotel-wallner-in-st-valentin","status":"publish","type":"page","link":"https:\/\/www.hotelwallner.at\/it\/","title":{"rendered":"Restaurant Hotel Wallner"},"content":{"rendered":"<div      class=\"vc_row wpb_row section vc_row-fluid\" style=' text-align:left;'><div class=\"full_section_inner clearfix\"><div class=\"wpb_column vc_column_container vc_col-sm-12\"><div class=\"vc_column-inner vc_custom_1430810005999\"><div class=\"wpb_wrapper\"><div class=\"wpb_gallery wpb_content_element vc_clearfix\"><div class=\"wpb_wrapper\"><div class=\"wpb_gallery_slides wpb_flexslider flexslider_fade flexslider\" data-interval=\"10\" data-flex_fx=\"fade\"><ul class=\"slides\"><li><img wpfc-lazyload-disable=\"true\" loading=\"lazy\" decoding=\"async\" class=\"\" src=\"https:\/\/www.hotelwallner.at\/wp2017\/wp-content\/uploads\/2015\/05\/restaurant-hotel-wallner-1000x400.jpg\" width=\"1000\" height=\"400\" alt=\"Au\u00dfenansicht Hotel Restaurant Wallner in St. Valentin, Nieder\u00f6sterreich\" title=\"Au\u00dfenansicht Hotel Restaurant Wallner\" \/><\/li><li><img wpfc-lazyload-disable=\"true\" loading=\"lazy\" decoding=\"async\" class=\"\" src=\"https:\/\/www.hotelwallner.at\/wp2017\/wp-content\/uploads\/2017\/09\/auswahl-dsc_9734-1000x400.jpg\" width=\"1000\" height=\"400\" alt=\"Hochzeitstafel im Restaurant-Hotel Wallner im Mostviertel\" title=\"Hochzeitstafel im Restaurant-Hotel Wallner im Mostviertel\" \/><\/li><li><img wpfc-lazyload-disable=\"true\" loading=\"lazy\" decoding=\"async\" class=\"\" src=\"https:\/\/www.hotelwallner.at\/wp2017\/wp-content\/uploads\/2015\/05\/Hotel-Zimmer-Wallner-Mostviertel-Niederoesterreich-04-1000x400.jpg\" width=\"1000\" height=\"400\" alt=\"Hotelzimmer Hotel Wallner in St. Valentin\" title=\"Hotelzimmer-Ausstattung im Hotel zum gr\u00fcnen Baum\" \/><\/li><li><img wpfc-lazyload-disable=\"true\" loading=\"lazy\" decoding=\"async\" class=\"\" src=\"https:\/\/www.hotelwallner.at\/wp2017\/wp-content\/uploads\/2015\/05\/Stueberl_Feierlichkeiten1-1000x400.jpg\" width=\"1000\" height=\"400\" alt=\"Feiern im St\u00fcberl in St. Valentin\" title=\"Feiern im St\u00fcberl in St. Valentin\" \/><\/li><li><img wpfc-lazyload-disable=\"true\" loading=\"lazy\" decoding=\"async\" class=\"\" src=\"https:\/\/www.hotelwallner.at\/wp2017\/wp-content\/uploads\/2017\/09\/auswahl-dsc_9838-1000x400.jpg\" width=\"1000\" height=\"400\" alt=\"Hochzeiten im Restaurant-Hotel Wallner im Mostviertel\" title=\"Hochzeiten im Restaurant-Hotel Wallner im Mostviertel\" \/><\/li><li><img wpfc-lazyload-disable=\"true\" loading=\"lazy\" decoding=\"async\" class=\"\" src=\"https:\/\/www.hotelwallner.at\/wp2017\/wp-content\/uploads\/2015\/05\/Restaurant-Catering-Seminar-Hotel-Wallner-23-1000x400.jpg\" width=\"1000\" height=\"400\" alt=\"Das Team vom Hotel-Restaurant Wallner in St. Valentin\" title=\"Das Team vom Hotel-Restaurant Wallner in St. Valentin\" \/><\/li><li><img wpfc-lazyload-disable=\"true\" loading=\"lazy\" decoding=\"async\" class=\"\" src=\"https:\/\/www.hotelwallner.at\/wp2017\/wp-content\/uploads\/2015\/05\/Restaurant-Catering-Seminar-Hotel-Wallner-131-1000x400.jpg\" width=\"1000\" height=\"400\" alt=\"Fr\u00fcchte-Buffett vom Restaurant Wallner\" title=\"Fr\u00fcchte-Buffett vom Restaurant Wallner\" \/><\/li><li><img wpfc-lazyload-disable=\"true\" loading=\"lazy\" decoding=\"async\" class=\"\" src=\"https:\/\/www.hotelwallner.at\/wp2017\/wp-content\/uploads\/2015\/05\/Restaurant-Catering-Seminar-Hotel-Wallner-16-1000x400.jpg\" width=\"1000\" height=\"400\" alt=\"Restaurant-Hotel Wallner bei Nacht\" title=\"Restaurant-Hotel Wallner bei Nacht\" \/><\/li><li><img wpfc-lazyload-disable=\"true\" loading=\"lazy\" decoding=\"async\" class=\"\" src=\"https:\/\/www.hotelwallner.at\/wp2017\/wp-content\/uploads\/2017\/09\/auswahl-dsc_9770-1000x400.jpg\" width=\"1000\" height=\"400\" alt=\"Hochzeitstafel im Restaurant-Hotel Wallner im Mostviertel\" title=\"Hochzeitstafel im Restaurant-Hotel Wallner im Mostviertel\" \/><\/li><\/ul><\/div><\/div><\/div><\/div><\/div><\/div><\/div><\/div><div      class=\"vc_row wpb_row section vc_row-fluid\" style=' text-align:left;'><div class=\"full_section_inner clearfix\"><div class=\"wpb_column vc_column_container vc_col-sm-12\"><div class=\"vc_column-inner\"><div class=\"wpb_wrapper\">\n\t<div class=\"wpb_text_column wpb_content_element\">\n\t\t<div class=\"wpb_wrapper\">\n\t\t\t<h1>Un caloroso saluto dal Mostviertel dal ristorante<br \/>\ne hotel Wallner zum gr\u00fcnen Baum \n(all'albero verde )<\/h1>\n<h2>Ospitalit\u00e0 nella sua forma pi\u00f9 bella<\/h2>\n<p>Proprio nel cuore di San Valentino Vi aspetta l'Hotel e Ristorante Wallner all\u2019abero verde a conduzione familiare. Una locanda dove si incontrano la tradizione di Mostviertel, l\u2019ospitalit\u00e0 affascinante e l\u2019intimit\u00e0 coi piedi per terra. La posizione centrale dell'Hotel Wallner rende la casa il punto di partenza ideale per viaggiatori d'affari, viaggiatori in transito, gruppi di turisti, cicloturisti ed escursionisti.<\/p>\n<p>La gastronomia \u00e8 nel nostro sangue. Hubert e Stefanie Wallner gestiscono la nostra locanda tradizionale con cuore e passione dal 1970. Oggi, la prossima generazione \u00e8 gi\u00e0 ai blocchi di partenza, aggiornando il nostro hotel e ristorante con nuove idee e entusiasmo al polso del tempo.<\/p>\n<h3>L\u2019hotel Wallner - la porta del Mostviertel<\/h3>\n<p>Il nostro hotel a St. Valentin dispone di 32 camere modernamente arredate. \nOgni stanza ha il suo fascino unico e personale. La famiglia Wallner Vi fa sentire a casa nelle camere dell'hotel e risponder\u00e0 ai Vostri desideri individuali con impegno personale.<\/p>\n<p>L'Hotel Wallner, situato nel cuore dell'Austria tra Salisburgo e Vienna, \u00e8 ideale anche per viaggi di gruppo al Mostviertel.<\/p>\n<p>Per seminari e conferenze offriamo sale modernamente attrezzate con fino a 140 partecipanti.<\/p>\n<h3>Il ristorante Wallner all'albero verde<\/h3>\n<p>Il benessere dei nostri ospiti \u00e8 molto importante per noi. Durante tutto l'anno serviamo piatti squisiti nel nostro ristorante interno e settimane di specialit\u00e0 selezionate come festa selvaggia e Martinigansl (oca).<\/p>\n<p>Che si tratti di matrimoni, feste di compleanno o cene aziendali - nei locali del Ristorante Wallner troverete la cornice perfetta per ogni occasione, rendendo la vostra festa un'esperienza indimenticabile.\nIl nostro servizio di catering interno render\u00e0 la Vostra celebrazione una festa indimenticabile e Vi permetter\u00e0 di godervi la giornata senza stress.\nL'ospitalit\u00e0 onesta, prelibatezze culinarie e un servizio professionale creano le condizioni ideali per un soggiorno indimenticabile a San Valentino.<\/p>\n<p><strong>\u00a0<\/strong><\/p>\n\n\t\t<\/div> \n\t<\/div> \n\t<div class=\"wpb_video_widget wpb_content_element vc_clearfix   vc_custom_1492018380305 vc_video-aspect-ratio-169 vc_video-el-width-100 vc_video-align-center\" >\n\t\t<div class=\"wpb_wrapper\">\n\t\t\t\n\t\t\t<div class=\"wpb_video_wrapper\"><iframe loading=\"lazy\" width=\"1060\" height=\"596\" src=\"https:\/\/www.youtube.com\/embed\/EVSDn6NwtPQ?feature=oembed\" frameborder=\"0\" allowfullscreen><\/iframe><\/div>\n\t\t<\/div>\n\t<\/div>\n\t<div class=\"vc_empty_space\"  style=\"height: 32px\" ><span\n\t\t\tclass=\"vc_empty_space_inner\">\n\t\t\t<span class=\"empty_space_image\"  ><\/span>\n\t\t<\/span><\/div>\n\n<a  itemprop=\"url\" href=\"\/hotel-zimmer\" target=\"_self\"  class=\"qbutton  center default\" style=\"margin: 0 auto; \">Informazioni sull'albergo<\/a>\t<div class=\"vc_empty_space\"  style=\"height: 32px\" ><span\n\t\t\tclass=\"vc_empty_space_inner\">\n\t\t\t<span class=\"empty_space_image\"  ><\/span>\n\t\t<\/span><\/div>\n\n<\/div><\/div><\/div><\/div><\/div><div      class=\"vc_row wpb_row section vc_row-fluid\" style=' text-align:left;'><div class=\"full_section_inner clearfix\"><div class=\"wpb_column vc_column_container vc_col-sm-12\"><div class=\"vc_column-inner\"><div class=\"wpb_wrapper\">\t<div class=\"vc_empty_space\"  style=\"height: 32px\" ><span\n\t\t\tclass=\"vc_empty_space_inner\">\n\t\t\t<span class=\"empty_space_image\"  ><\/span>\n\t\t<\/span><\/div>\n\n<a  itemprop=\"url\" href=\"\/restaurant\" target=\"_self\"  class=\"qbutton  center default\" style=\"margin: 0 auto; \">Maggiori informazioni sul ristorante<\/a>\t<div class=\"vc_empty_space\"  style=\"height: 32px\" ><span\n\t\t\tclass=\"vc_empty_space_inner\">\n\t\t\t<span class=\"empty_space_image\"  ><\/span>\n\t\t<\/span><\/div>\n\n<div class=\"wpb_gallery wpb_content_element vc_clearfix\"><div class=\"wpb_wrapper\"><div class=\"wpb_gallery_slides wpb_image_grid\" data-interval=\"3\"><div class=\"gallery_holder\"><ul class=\"gallery_inner gallery_with_space  v4\"><li class=\"no_grayscale\"><a itemprop=\"image\" class=\"qode-prettyphoto\" href=\"https:\/\/www.hotelwallner.at\/wp2017\/wp-content\/uploads\/2015\/05\/restaurant-hotel-wallner-1024x683.jpg\" data-rel=\"prettyPhoto[rel-6-1075593960]\"><span class=\"gallery_hover\"><i class=\"fa fa-search\"><\/i><\/span><img loading=\"lazy\" decoding=\"async\" class=\"\" src=\"https:\/\/www.hotelwallner.at\/wp2017\/wp-content\/uploads\/2015\/05\/restaurant-hotel-wallner-250x150.jpg\" width=\"250\" height=\"150\" alt=\"Au\u00dfenansicht Hotel Restaurant Wallner in St. Valentin, Nieder\u00f6sterreich\" title=\"Au\u00dfenansicht Hotel Restaurant Wallner\" \/><\/a><\/li><li class=\"no_grayscale\"><a itemprop=\"image\" class=\"qode-prettyphoto\" href=\"https:\/\/www.hotelwallner.at\/wp2017\/wp-content\/uploads\/2015\/05\/Hotel-Zimmer-Wallner-Mostviertel-Niederoesterreich-04-1024x730.jpg\" data-rel=\"prettyPhoto[rel-6-1075593960]\"><span class=\"gallery_hover\"><i class=\"fa fa-search\"><\/i><\/span><img loading=\"lazy\" decoding=\"async\" class=\"\" src=\"https:\/\/www.hotelwallner.at\/wp2017\/wp-content\/uploads\/2015\/05\/Hotel-Zimmer-Wallner-Mostviertel-Niederoesterreich-04-250x150.jpg\" width=\"250\" height=\"150\" alt=\"Hotelzimmer Hotel Wallner in St. Valentin\" title=\"Hotelzimmer-Ausstattung im Hotel zum gr\u00fcnen Baum\" \/><\/a><\/li><li class=\"no_grayscale\"><a itemprop=\"image\" class=\"qode-prettyphoto\" href=\"https:\/\/www.hotelwallner.at\/wp2017\/wp-content\/uploads\/2017\/09\/auswahl-dsc_9770-1024x682.jpg\" data-rel=\"prettyPhoto[rel-6-1075593960]\"><span class=\"gallery_hover\"><i class=\"fa fa-search\"><\/i><\/span><img loading=\"lazy\" decoding=\"async\" class=\"\" src=\"https:\/\/www.hotelwallner.at\/wp2017\/wp-content\/uploads\/2017\/09\/auswahl-dsc_9770-250x150.jpg\" width=\"250\" height=\"150\" alt=\"Hochzeitstafel im Restaurant-Hotel Wallner im Mostviertel\" title=\"Hochzeitstafel im Restaurant-Hotel Wallner im Mostviertel\" \/><\/a><\/li><li class=\"no_grayscale\"><a itemprop=\"image\" class=\"qode-prettyphoto\" href=\"https:\/\/www.hotelwallner.at\/wp2017\/wp-content\/uploads\/2015\/05\/Stueberl_Feierlichkeiten1-1024x751.jpg\" data-rel=\"prettyPhoto[rel-6-1075593960]\"><span class=\"gallery_hover\"><i class=\"fa fa-search\"><\/i><\/span><img loading=\"lazy\" decoding=\"async\" class=\"\" src=\"https:\/\/www.hotelwallner.at\/wp2017\/wp-content\/uploads\/2015\/05\/Stueberl_Feierlichkeiten1-250x150.jpg\" width=\"250\" height=\"150\" alt=\"Feiern im St\u00fcberl in St. Valentin\" title=\"Feiern im St\u00fcberl in St. Valentin\" \/><\/a><\/li><li class=\"no_grayscale\"><a itemprop=\"image\" class=\"qode-prettyphoto\" href=\"https:\/\/www.hotelwallner.at\/wp2017\/wp-content\/uploads\/2015\/05\/Restaurant-Catering-Seminar-Hotel-Wallner-14-1024x640.jpg\" data-rel=\"prettyPhoto[rel-6-1075593960]\"><span class=\"gallery_hover\"><i class=\"fa fa-search\"><\/i><\/span><img loading=\"lazy\" decoding=\"async\" class=\"\" src=\"https:\/\/www.hotelwallner.at\/wp2017\/wp-content\/uploads\/2015\/05\/Restaurant-Catering-Seminar-Hotel-Wallner-14-250x150.jpg\" width=\"250\" height=\"150\" alt=\"Restaurant Wallner in St. Valentin\" title=\"Restaurant Wallner in St. Valentin\" \/><\/a><\/li><li class=\"no_grayscale\"><a itemprop=\"image\" class=\"qode-prettyphoto\" href=\"https:\/\/www.hotelwallner.at\/wp2017\/wp-content\/uploads\/2015\/05\/Restaurant-Catering-Seminar-Hotel-Wallner-16-1024x734.jpg\" data-rel=\"prettyPhoto[rel-6-1075593960]\"><span class=\"gallery_hover\"><i class=\"fa fa-search\"><\/i><\/span><img loading=\"lazy\" decoding=\"async\" class=\"\" src=\"https:\/\/www.hotelwallner.at\/wp2017\/wp-content\/uploads\/2015\/05\/Restaurant-Catering-Seminar-Hotel-Wallner-16-250x150.jpg\" width=\"250\" height=\"150\" alt=\"Restaurant-Hotel Wallner bei Nacht\" title=\"Restaurant-Hotel Wallner bei Nacht\" \/><\/a><\/li><li class=\"no_grayscale\"><a itemprop=\"image\" class=\"qode-prettyphoto\" href=\"https:\/\/www.hotelwallner.at\/wp2017\/wp-content\/uploads\/2015\/05\/Restaurant-Catering-Seminar-Hotel-Wallner-22-1024x812.jpg\" data-rel=\"prettyPhoto[rel-6-1075593960]\"><span class=\"gallery_hover\"><i class=\"fa fa-search\"><\/i><\/span><img loading=\"lazy\" decoding=\"async\" class=\"\" src=\"https:\/\/www.hotelwallner.at\/wp2017\/wp-content\/uploads\/2015\/05\/Restaurant-Catering-Seminar-Hotel-Wallner-22-250x150.jpg\" width=\"250\" height=\"150\" alt=\"Das Team im Restaurant Hotel zum gr\u00fcnen Baum in Nieder\u00f6sterreich\" title=\"Das Team im Restaurant Hotel zum gr\u00fcnen Baum in Nieder\u00f6sterreich\" \/><\/a><\/li><li class=\"no_grayscale\"><a itemprop=\"image\" class=\"qode-prettyphoto\" href=\"https:\/\/www.hotelwallner.at\/wp2017\/wp-content\/uploads\/2017\/09\/auswahl-dsc_9734-1024x682.jpg\" data-rel=\"prettyPhoto[rel-6-1075593960]\"><span class=\"gallery_hover\"><i class=\"fa fa-search\"><\/i><\/span><img loading=\"lazy\" decoding=\"async\" class=\"\" src=\"https:\/\/www.hotelwallner.at\/wp2017\/wp-content\/uploads\/2017\/09\/auswahl-dsc_9734-250x150.jpg\" width=\"250\" height=\"150\" alt=\"Hochzeitstafel im Restaurant-Hotel Wallner im Mostviertel\" title=\"Hochzeitstafel im Restaurant-Hotel Wallner im Mostviertel\" \/><\/a><\/li><li class=\"no_grayscale\"><a itemprop=\"image\" class=\"qode-prettyphoto\" href=\"https:\/\/www.hotelwallner.at\/wp2017\/wp-content\/uploads\/2020\/07\/fc64329224e5ea19982678e9fdcb6683-sichere_gastfreundschaft_4c-gross.jpg\" data-rel=\"prettyPhoto[rel-6-1075593960]\"><span class=\"gallery_hover\"><i class=\"fa fa-search\"><\/i><\/span><img loading=\"lazy\" decoding=\"async\" class=\"\" src=\"https:\/\/www.hotelwallner.at\/wp2017\/wp-content\/uploads\/2020\/07\/fc64329224e5ea19982678e9fdcb6683-sichere_gastfreundschaft_4c-gross-250x150.jpg\" width=\"250\" height=\"150\" alt=\"Sichere Gastfreundschaft Corona getestet\" title=\"Sichere Gastfreundschaft Corona getestet\" \/><\/a><\/li><\/ul><\/div><\/div><\/div><\/div>\t<div class=\"vc_empty_space\"  style=\"height: 32px\" ><span\n\t\t\tclass=\"vc_empty_space_inner\">\n\t\t\t<span class=\"empty_space_image\"  ><\/span>\n\t\t<\/span><\/div>\n\n<\/div><\/div><\/div><\/div><\/div>","protected":false},"excerpt":{"rendered":"Ein herzliches Gr\u00fc\u00df Gott aus dem Mostviertel vom Hotel-Restaurant Wallner Das Hotel in St. Valentin - Gastlichkeit in ihrer sch\u00f6nsten Form Mitten im Herzen von St. Valentin erwartet Sie das famili\u00e4r gef\u00fchrte Hotel und Restaurant Wallner zum gr\u00fcnen Baum. Ein Gasthof, wo Mostviertler Tradition, charmante...","protected":false},"author":1,"featured_media":0,"parent":0,"menu_order":3,"comment_status":"closed","ping_status":"closed","template":"","meta":{"footnotes":""},"yoast_head":"<!-- This site is optimized with the Yoast SEO plugin v22.3 - https:\/\/yoast.com\/wordpress\/plugins\/seo\/ -->\n<title>Restaurant Hotel Wallner - Restaurant-Hotel Wallner zum gr\u00fcnen Baum<\/title>\n<meta name=\"description\" content=\"Hotel Wallner in St. Valentin direkt an der Westbahnstrecke und A1 Westautobahn gelegen. Ideal f\u00fcr Gesch\u00e4ftsreisende &amp; Mostviertel-Touristen\" \/>\n<meta name=\"robots\" content=\"index, follow, max-snippet:-1, max-image-preview:large, max-video-preview:-1\" \/>\n<link rel=\"canonical\" href=\"https:\/\/www.hotelwallner.at\/it\/\" \/>\n<meta property=\"og:locale\" content=\"it_IT\" \/>\n<meta property=\"og:type\" content=\"article\" \/>\n<meta property=\"og:title\" content=\"Restaurant Hotel Wallner - Restaurant-Hotel Wallner zum gr\u00fcnen Baum\" \/>\n<meta property=\"og:description\" content=\"Hotel Wallner in St. Valentin direkt an der Westbahnstrecke und A1 Westautobahn gelegen. Ideal f\u00fcr Gesch\u00e4ftsreisende &amp; Mostviertel-Touristen\" \/>\n<meta property=\"og:url\" content=\"https:\/\/www.hotelwallner.at\/it\/\" \/>\n<meta property=\"og:site_name\" content=\"Restaurant-Hotel Wallner zum gr\u00fcnen Baum\" \/>\n<meta property=\"article:publisher\" content=\"https:\/\/www.facebook.com\/restauranthotelwallner\/\" \/>\n<meta property=\"article:modified_time\" content=\"2025-11-11T10:45:22+00:00\" \/>\n<meta name=\"twitter:card\" content=\"summary_large_image\" \/>\n<meta name=\"twitter:label1\" content=\"Tempo di lettura stimato\" \/>\n\t<meta name=\"twitter:data1\" content=\"3 minuti\" \/>\n<script type=\"application\/ld+json\" class=\"yoast-schema-graph\">{\"@context\":\"https:\/\/schema.org\",\"@graph\":[{\"@type\":\"WebPage\",\"@id\":\"https:\/\/www.hotelwallner.at\/\",\"url\":\"https:\/\/www.hotelwallner.at\/\",\"name\":\"Restaurant Hotel Wallner - Restaurant-Hotel Wallner zum gr\u00fcnen Baum\",\"isPartOf\":{\"@id\":\"https:\/\/www.hotelwallner.at\/#website\"},\"datePublished\":\"2016-10-10T07:31:57+00:00\",\"dateModified\":\"2025-11-11T10:45:22+00:00\",\"description\":\"Hotel Wallner in St. Valentin direkt an der Westbahnstrecke und A1 Westautobahn gelegen. Ideal f\u00fcr Gesch\u00e4ftsreisende & Mostviertel-Touristen\",\"breadcrumb\":{\"@id\":\"https:\/\/www.hotelwallner.at\/#breadcrumb\"},\"inLanguage\":\"it-IT\",\"potentialAction\":[{\"@type\":\"ReadAction\",\"target\":[\"https:\/\/www.hotelwallner.at\/\"]}]},{\"@type\":\"BreadcrumbList\",\"@id\":\"https:\/\/www.hotelwallner.at\/#breadcrumb\",\"itemListElement\":[{\"@type\":\"ListItem\",\"position\":1,\"name\":\"Startseite\",\"item\":\"https:\/\/www.hotelwallner.at\/\"},{\"@type\":\"ListItem\",\"position\":2,\"name\":\"Restaurant Hotel Wallner\"}]},{\"@type\":\"WebSite\",\"@id\":\"https:\/\/www.hotelwallner.at\/#website\",\"url\":\"https:\/\/www.hotelwallner.at\/\",\"name\":\"Restaurant - Hotel Wallner\",\"description\":\"Ihr Hotel &amp; Restaurant in St. Valentin im Mostviertel\",\"publisher\":{\"@id\":\"https:\/\/www.hotelwallner.at\/#organization\"},\"potentialAction\":[{\"@type\":\"SearchAction\",\"target\":{\"@type\":\"EntryPoint\",\"urlTemplate\":\"https:\/\/www.hotelwallner.at\/?s={search_term_string}\"},\"query-input\":\"required name=search_term_string\"}],\"inLanguage\":\"it-IT\"},{\"@type\":\"Organization\",\"@id\":\"https:\/\/www.hotelwallner.at\/#organization\",\"name\":\"Restaurant-Hotel Wallner zum gr\u00fcnen Baum\",\"url\":\"https:\/\/www.hotelwallner.at\/\",\"logo\":{\"@type\":\"ImageObject\",\"inLanguage\":\"it-IT\",\"@id\":\"https:\/\/www.hotelwallner.at\/#\/schema\/logo\/image\/\",\"url\":\"https:\/\/www.hotelwallner.at\/wp2017\/wp-content\/uploads\/2015\/05\/wallner-Logo.png\",\"contentUrl\":\"https:\/\/www.hotelwallner.at\/wp2017\/wp-content\/uploads\/2015\/05\/wallner-Logo.png\",\"width\":500,\"height\":245,\"caption\":\"Restaurant-Hotel Wallner zum gr\u00fcnen Baum\"},\"image\":{\"@id\":\"https:\/\/www.hotelwallner.at\/#\/schema\/logo\/image\/\"},\"sameAs\":[\"https:\/\/www.facebook.com\/restauranthotelwallner\/\",\"https:\/\/www.instagram.com\/restaurant_hotel_wallner\/\"]}]}<\/script>\n<!-- \/ Yoast SEO plugin. -->","yoast_head_json":{"title":"Restaurant Hotel Wallner - Restaurant-Hotel Wallner zum gr\u00fcnen Baum","description":"Hotel Wallner in St. Valentin direkt an der Westbahnstrecke und A1 Westautobahn gelegen. Ideal f\u00fcr Gesch\u00e4ftsreisende & Mostviertel-Touristen","robots":{"index":"index","follow":"follow","max-snippet":"max-snippet:-1","max-image-preview":"max-image-preview:large","max-video-preview":"max-video-preview:-1"},"canonical":"https:\/\/www.hotelwallner.at\/it\/","og_locale":"it_IT","og_type":"article","og_title":"Restaurant Hotel Wallner - Restaurant-Hotel Wallner zum gr\u00fcnen Baum","og_description":"Hotel Wallner in St. Valentin direkt an der Westbahnstrecke und A1 Westautobahn gelegen. Ideal f\u00fcr Gesch\u00e4ftsreisende & Mostviertel-Touristen","og_url":"https:\/\/www.hotelwallner.at\/it\/","og_site_name":"Restaurant-Hotel Wallner zum gr\u00fcnen Baum","article_publisher":"https:\/\/www.facebook.com\/restauranthotelwallner\/","article_modified_time":"2025-11-11T10:45:22+00:00","twitter_card":"summary_large_image","twitter_misc":{"Tempo di lettura stimato":"3 minuti"},"schema":{"@context":"https:\/\/schema.org","@graph":[{"@type":"WebPage","@id":"https:\/\/www.hotelwallner.at\/","url":"https:\/\/www.hotelwallner.at\/","name":"Restaurant Hotel Wallner - Restaurant-Hotel Wallner zum gr\u00fcnen Baum","isPartOf":{"@id":"https:\/\/www.hotelwallner.at\/#website"},"datePublished":"2016-10-10T07:31:57+00:00","dateModified":"2025-11-11T10:45:22+00:00","description":"Hotel Wallner in St. Valentin direkt an der Westbahnstrecke und A1 Westautobahn gelegen. Ideal f\u00fcr Gesch\u00e4ftsreisende & Mostviertel-Touristen","breadcrumb":{"@id":"https:\/\/www.hotelwallner.at\/#breadcrumb"},"inLanguage":"it-IT","potentialAction":[{"@type":"ReadAction","target":["https:\/\/www.hotelwallner.at\/"]}]},{"@type":"BreadcrumbList","@id":"https:\/\/www.hotelwallner.at\/#breadcrumb","itemListElement":[{"@type":"ListItem","position":1,"name":"Startseite","item":"https:\/\/www.hotelwallner.at\/"},{"@type":"ListItem","position":2,"name":"Restaurant Hotel Wallner"}]},{"@type":"WebSite","@id":"https:\/\/www.hotelwallner.at\/#website","url":"https:\/\/www.hotelwallner.at\/","name":"Restaurant - Hotel Wallner","description":"Ihr Hotel &amp; Restaurant in St. Valentin im Mostviertel","publisher":{"@id":"https:\/\/www.hotelwallner.at\/#organization"},"potentialAction":[{"@type":"SearchAction","target":{"@type":"EntryPoint","urlTemplate":"https:\/\/www.hotelwallner.at\/?s={search_term_string}"},"query-input":"required name=search_term_string"}],"inLanguage":"it-IT"},{"@type":"Organization","@id":"https:\/\/www.hotelwallner.at\/#organization","name":"Restaurant-Hotel Wallner zum gr\u00fcnen Baum","url":"https:\/\/www.hotelwallner.at\/","logo":{"@type":"ImageObject","inLanguage":"it-IT","@id":"https:\/\/www.hotelwallner.at\/#\/schema\/logo\/image\/","url":"https:\/\/www.hotelwallner.at\/wp2017\/wp-content\/uploads\/2015\/05\/wallner-Logo.png","contentUrl":"https:\/\/www.hotelwallner.at\/wp2017\/wp-content\/uploads\/2015\/05\/wallner-Logo.png","width":500,"height":245,"caption":"Restaurant-Hotel Wallner zum gr\u00fcnen Baum"},"image":{"@id":"https:\/\/www.hotelwallner.at\/#\/schema\/logo\/image\/"},"sameAs":["https:\/\/www.facebook.com\/restauranthotelwallner\/","https:\/\/www.instagram.com\/restaurant_hotel_wallner\/"]}]}},"publishpress_future_action":{"enabled":false,"date":"2026-05-09 02:33:49","action":"change-status","newStatus":"draft","terms":[],"taxonomy":""},"_links":{"self":[{"href":"https:\/\/www.hotelwallner.at\/it\/wp-json\/wp\/v2\/pages\/6"}],"collection":[{"href":"https:\/\/www.hotelwallner.at\/it\/wp-json\/wp\/v2\/pages"}],"about":[{"href":"https:\/\/www.hotelwallner.at\/it\/wp-json\/wp\/v2\/types\/page"}],"author":[{"embeddable":true,"href":"https:\/\/www.hotelwallner.at\/it\/wp-json\/wp\/v2\/users\/1"}],"replies":[{"embeddable":true,"href":"https:\/\/www.hotelwallner.at\/it\/wp-json\/wp\/v2\/comments?post=6"}],"version-history":[{"count":14,"href":"https:\/\/www.hotelwallner.at\/it\/wp-json\/wp\/v2\/pages\/6\/revisions"}],"predecessor-version":[{"id":17695,"href":"https:\/\/www.hotelwallner.at\/it\/wp-json\/wp\/v2\/pages\/6\/revisions\/17695"}],"wp:attachment":[{"href":"https:\/\/www.hotelwallner.at\/it\/wp-json\/wp\/v2\/media?parent=6"}],"curies":[{"name":"wp","href":"https:\/\/api.w.org\/{rel}","templated":true}]}}