{"id":16768,"date":"2017-09-11T13:29:48","date_gmt":"2017-09-11T11:29:48","guid":{"rendered":"https:\/\/www.hotelwallner.at\/?page_id=16768"},"modified":"2021-01-11T17:14:55","modified_gmt":"2021-01-11T16:14:55","slug":"mostviertel","status":"publish","type":"page","link":"https:\/\/www.hotelwallner.at\/it\/mostviertel\/","title":{"rendered":"Mostviertel"},"content":{"rendered":"<div      class=\"vc_row wpb_row section vc_row-fluid\" style=' text-align:left;'><div class=\"full_section_inner clearfix\"><div class=\"wpb_column vc_column_container vc_col-sm-12\"><div class=\"vc_column-inner vc_custom_1430814516685\"><div class=\"wpb_wrapper\"><div class=\"wpb_gallery wpb_content_element vc_clearfix\"><div class=\"wpb_wrapper\"><div class=\"wpb_gallery_slides wpb_flexslider flexslider_slide flexslider\" data-interval=\"10\" data-flex_fx=\"slide\"><ul class=\"slides\"><li><img wpfc-lazyload-disable=\"true\" loading=\"lazy\" decoding=\"async\" class=\"\" src=\"https:\/\/www.hotelwallner.at\/wp2017\/wp-content\/uploads\/2020\/11\/steyr-1000x400.jpg\" width=\"1000\" height=\"400\" alt=\"Ausflugsziel Romantikstadt Steyr\" title=\"Steyr\" \/><\/li><li><img wpfc-lazyload-disable=\"true\" loading=\"lazy\" decoding=\"async\" class=\"\" src=\"https:\/\/www.hotelwallner.at\/wp2017\/wp-content\/uploads\/2020\/11\/linz-1000x400.jpg\" width=\"1000\" height=\"400\" alt=\"Ausflugsziel Linz\" title=\"Linz\" \/><\/li><li><img wpfc-lazyload-disable=\"true\" loading=\"lazy\" decoding=\"async\" class=\"\" src=\"https:\/\/www.hotelwallner.at\/wp2017\/wp-content\/uploads\/2020\/11\/stift_seitenstetten-1000x400.jpg\" width=\"1000\" height=\"400\" alt=\"Ausflugsziel Stift Seitenstetten\" title=\"Stift Seitenstetten\" \/><\/li><li><img wpfc-lazyload-disable=\"true\" loading=\"lazy\" decoding=\"async\" class=\"\" src=\"https:\/\/www.hotelwallner.at\/wp2017\/wp-content\/uploads\/2020\/11\/schallaburg-1000x400.jpg\" width=\"1000\" height=\"400\" alt=\"Ausflugsziel Schallaburg\" title=\"Schallaburg\" \/><\/li><li><img wpfc-lazyload-disable=\"true\" loading=\"lazy\" decoding=\"async\" class=\"\" src=\"https:\/\/www.hotelwallner.at\/wp2017\/wp-content\/uploads\/2020\/11\/wachau-1000x400.jpg\" width=\"1000\" height=\"400\" alt=\"Ausflugsziel Wachau\" title=\"Wachau\" \/><\/li><li><img wpfc-lazyload-disable=\"true\" loading=\"lazy\" decoding=\"async\" class=\"\" src=\"https:\/\/www.hotelwallner.at\/wp2017\/wp-content\/uploads\/2020\/11\/tierpark-1000x400.jpg\" width=\"1000\" height=\"400\" alt=\"Erlebnis Tierpark Haag\" title=\"Tierpark Haag\" \/><\/li><\/ul><\/div><\/div><\/div>\n\t<div class=\"wpb_text_column wpb_content_element\">\n\t\t<div class=\"wpb_wrapper\">\n\t\t\t<h1 style=\"text-align: left;\">Unterwegs im Mostviertel in Nieder\u00f6sterreich<\/h1>\n<p>Mit ihren vielseitigen Freizeitangeboten bietet die Stadtgemeinde St. Valentin Bewegung, Kultur und Entspannung zugleich.<\/p>\n<p>Erholsame Wanderungen, Radausfl\u00fcge, Reiten, Theater- und Museumsbesuche oder Ausfl\u00fcge in den nahegelegenen Tierpark sowie die historischen St\u00e4dte Enns und Steyr werden Sie begeistern. Im Schwimmbad k\u00f6nnen Sie auch die hei\u00dfesten Sommertage angenehm verbringen. Der Modellflugplatz l\u00e4sst Kinder-, aber auch manche Erwachsenenherzen h\u00f6herschlagen.<\/p>\n<p>Veranstaltungen wie das j\u00e4hrliche Mostbirnzellulid, das Musikfestival wiederAUFhorchen und die Mostviertler Kabaretttage sind f\u00fcr Kulturliebhaber ein spezielles Highlight.<\/p>\n<p>St. Valentin ist die westlichste Stadtgemeinde Nieder\u00f6sterreichs und hat geschichtlich einiges zu bieten. Die heutige Hauptkirche existiert seit 1472 und ist, wie auch die kleine Filialkirche in Rems, auf jeden Fall einen Besuch wert. Mehr zur kulturellen Vergangenheit unserer Stadt k\u00f6nnen Sie im Geschichtlichen Museum S. Valentin erfahren.<\/p>\n<p>Eine Besonderheit unserer Region sind die typischen Mostbirnb\u00e4ume. Wundersch\u00f6n in voller Bl\u00fcte im Fr\u00fchling, reifen \u00fcber den Sommer die saftigen Mostbirnen, um im Herbst nach der Ernte zum original Mostviertler Kultgetr\u00e4nk verarbeitet zu werden. Unsere Bauern verstehen ihr Handwerk und so laden viele Mostheurige und traditionsbewusste Mostviertler Gastwirte zum Verkosten ein.<\/p>\n<p>Ausflugsziele rund um das Hotel Wallner:<\/p>\n\n\t\t<\/div> \n\t<\/div> \t<div class=\"vc_empty_space\"  style=\"height: 32px\" ><span\n\t\t\tclass=\"vc_empty_space_inner\">\n\t\t\t<span class=\"empty_space_image\"  ><\/span>\n\t\t<\/span><\/div>\n\n<\/div><\/div><\/div><\/div><\/div><div      class=\"vc_row wpb_row section vc_row-fluid  vc_custom_1492016292084\" style=' text-align:left;'><div class=\"full_section_inner clearfix\"><div class=\"wpb_column vc_column_container vc_col-sm-12\"><div class=\"vc_column-inner\"><div class=\"wpb_wrapper\"><div class='latest_post_holder boxes three_columns five_rows'><ul><li class=\"clearfix\"><div class=\"boxes_image\"><a itemprop=\"url\" href=\"https:\/\/www.hotelwallner.at\/it\/veranstaltungen\/tierpark_haag\/\"><img wpfc-lazyload-disable=\"true\" loading=\"lazy\" decoding=\"async\" width=\"539\" height=\"303\" src=\"https:\/\/www.hotelwallner.at\/wp2017\/wp-content\/uploads\/2020\/11\/tierpark-539x303.jpg\" class=\"attachment-latest_post_boxes size-latest_post_boxes wp-post-image\" alt=\"Erlebnis Tierpark Haag\" \/><\/a><\/div><div class=\"latest_post\"><div class=\"latest_post_text\"><div class=\"latest_post_inner\"><div class=\"latest_post_text_inner\"><h3 itemprop=\"name\" class=\"latest_post_title entry_title\"><a itemprop=\"url\" href=\"https:\/\/www.hotelwallner.at\/it\/veranstaltungen\/tierpark_haag\/\">Tierpark Stadt Haag<\/a><\/h3><p itemprop=\"description\" class=\"excerpt\">Erholung, Spass und Abenteuer f\u00fcr die ganze Familie...<\/p><span class=\"post_infos\"><\/span><\/div><\/div><\/div><\/div><li class=\"clearfix\"><div class=\"boxes_image\"><a itemprop=\"url\" href=\"https:\/\/www.hotelwallner.at\/it\/veranstaltungen\/stiftseitenstetten\/\"><img wpfc-lazyload-disable=\"true\" loading=\"lazy\" decoding=\"async\" width=\"539\" height=\"303\" src=\"https:\/\/www.hotelwallner.at\/wp2017\/wp-content\/uploads\/2020\/11\/stift_seitenstetten-539x303.jpg\" class=\"attachment-latest_post_boxes size-latest_post_boxes wp-post-image\" alt=\"Ausflugsziel Stift Seitenstetten\" \/><\/a><\/div><div class=\"latest_post\"><div class=\"latest_post_text\"><div class=\"latest_post_inner\"><div class=\"latest_post_text_inner\"><h3 itemprop=\"name\" class=\"latest_post_title entry_title\"><a itemprop=\"url\" href=\"https:\/\/www.hotelwallner.at\/it\/veranstaltungen\/stiftseitenstetten\/\">Stift Seitenstetten<\/a><\/h3><p itemprop=\"description\" class=\"excerpt\">Ein Kloster der Benediktiner in Seitenstetten an der Moststra\u00dfe im Mostviertel...<\/p><span class=\"post_infos\"><\/span><\/div><\/div><\/div><\/div><li class=\"clearfix\"><div class=\"boxes_image\"><a itemprop=\"url\" href=\"https:\/\/www.hotelwallner.at\/it\/veranstaltungen\/enns\/\"><img wpfc-lazyload-disable=\"true\" loading=\"lazy\" decoding=\"async\" width=\"539\" height=\"303\" src=\"https:\/\/www.hotelwallner.at\/wp2017\/wp-content\/uploads\/2020\/11\/enns_stadtturm-539x303.jpg\" class=\"attachment-latest_post_boxes size-latest_post_boxes wp-post-image\" alt=\"Ausflugsziel Enns\" \/><\/a><\/div><div class=\"latest_post\"><div class=\"latest_post_text\"><div class=\"latest_post_inner\"><div class=\"latest_post_text_inner\"><h3 itemprop=\"name\" class=\"latest_post_title entry_title\"><a itemprop=\"url\" href=\"https:\/\/www.hotelwallner.at\/it\/veranstaltungen\/enns\/\">Enns<\/a><\/h3><p itemprop=\"description\" class=\"excerpt\">Enns hat die \u00e4lteste, noch im Original erhaltene Stadtrechtsurkunde....<\/p><span class=\"post_infos\"><\/span><\/div><\/div><\/div><\/div><li class=\"clearfix\"><div class=\"boxes_image\"><a itemprop=\"url\" href=\"https:\/\/www.hotelwallner.at\/it\/veranstaltungen\/kzmauthausen\/\"><img wpfc-lazyload-disable=\"true\" loading=\"lazy\" decoding=\"async\" width=\"539\" height=\"303\" src=\"https:\/\/www.hotelwallner.at\/wp2017\/wp-content\/uploads\/2020\/11\/kz-mauthausen-539x303.jpg\" class=\"attachment-latest_post_boxes size-latest_post_boxes wp-post-image\" alt=\"Gedenkst\u00e4tte Mauthausen\" \/><\/a><\/div><div class=\"latest_post\"><div class=\"latest_post_text\"><div class=\"latest_post_inner\"><div class=\"latest_post_text_inner\"><h3 itemprop=\"name\" class=\"latest_post_title entry_title\"><a itemprop=\"url\" href=\"https:\/\/www.hotelwallner.at\/it\/veranstaltungen\/kzmauthausen\/\">KZ Mauthausen<\/a><\/h3><p itemprop=\"description\" class=\"excerpt\">Die Gedenkst\u00e4tte Mauthausen ist heute ein internationaler Ort der Erinnerung....<\/p><span class=\"post_infos\"><\/span><\/div><\/div><\/div><\/div><li class=\"clearfix\"><div class=\"boxes_image\"><a itemprop=\"url\" href=\"https:\/\/www.hotelwallner.at\/it\/veranstaltungen\/keltendorfmitterkirchen\/\"><img wpfc-lazyload-disable=\"true\" loading=\"lazy\" decoding=\"async\" width=\"539\" height=\"303\" src=\"https:\/\/www.hotelwallner.at\/wp2017\/wp-content\/uploads\/2020\/11\/freilichtmuseum-539x303.jpg\" class=\"attachment-latest_post_boxes size-latest_post_boxes wp-post-image\" alt=\"Freilichtmuseum Mitterkirchen\" \/><\/a><\/div><div class=\"latest_post\"><div class=\"latest_post_text\"><div class=\"latest_post_inner\"><div class=\"latest_post_text_inner\"><h3 itemprop=\"name\" class=\"latest_post_title entry_title\"><a itemprop=\"url\" href=\"https:\/\/www.hotelwallner.at\/it\/veranstaltungen\/keltendorfmitterkirchen\/\">Keltendorf Mitterkirchen<\/a><\/h3><p itemprop=\"description\" class=\"excerpt\">Reisen Sie gemeinsam mit Ihrer Familie in die Urgeschichte...<\/p><span class=\"post_infos\"><\/span><\/div><\/div><\/div><\/div><li class=\"clearfix\"><div class=\"boxes_image\"><a itemprop=\"url\" href=\"https:\/\/www.hotelwallner.at\/it\/veranstaltungen\/steyr\/\"><img wpfc-lazyload-disable=\"true\" loading=\"lazy\" decoding=\"async\" width=\"539\" height=\"303\" src=\"https:\/\/www.hotelwallner.at\/wp2017\/wp-content\/uploads\/2020\/11\/steyr-539x303.jpg\" class=\"attachment-latest_post_boxes size-latest_post_boxes wp-post-image\" alt=\"Ausflugsziel Romantikstadt Steyr\" \/><\/a><\/div><div class=\"latest_post\"><div class=\"latest_post_text\"><div class=\"latest_post_inner\"><div class=\"latest_post_text_inner\"><h3 itemprop=\"name\" class=\"latest_post_title entry_title\"><a itemprop=\"url\" href=\"https:\/\/www.hotelwallner.at\/it\/veranstaltungen\/steyr\/\">Steyr<\/a><\/h3><p itemprop=\"description\" class=\"excerpt\">Die Romantikstadt ca. 20 km von St. Valentin entfernt...<\/p><span class=\"post_infos\"><\/span><\/div><\/div><\/div><\/div><li class=\"clearfix\"><div class=\"boxes_image\"><a itemprop=\"url\" href=\"https:\/\/www.hotelwallner.at\/it\/veranstaltungen\/linz\/\"><img wpfc-lazyload-disable=\"true\" loading=\"lazy\" decoding=\"async\" width=\"539\" height=\"303\" src=\"https:\/\/www.hotelwallner.at\/wp2017\/wp-content\/uploads\/2020\/11\/linz-539x303.jpg\" class=\"attachment-latest_post_boxes size-latest_post_boxes wp-post-image\" alt=\"Ausflugsziel Linz\" \/><\/a><\/div><div class=\"latest_post\"><div class=\"latest_post_text\"><div class=\"latest_post_inner\"><div class=\"latest_post_text_inner\"><h3 itemprop=\"name\" class=\"latest_post_title entry_title\"><a itemprop=\"url\" href=\"https:\/\/www.hotelwallner.at\/it\/veranstaltungen\/linz\/\">Linz<\/a><\/h3><p itemprop=\"description\" class=\"excerpt\">Landeshauptstadt von Ober\u00f6sterreich, die an der Donau liegt und sich etwa auf halbem Weg zwischen Sa...<\/p><span class=\"post_infos\"><\/span><\/div><\/div><\/div><\/div><li class=\"clearfix\"><div class=\"boxes_image\"><a itemprop=\"url\" href=\"https:\/\/www.hotelwallner.at\/it\/veranstaltungen\/wachau\/\"><img wpfc-lazyload-disable=\"true\" loading=\"lazy\" decoding=\"async\" width=\"539\" height=\"303\" src=\"https:\/\/www.hotelwallner.at\/wp2017\/wp-content\/uploads\/2020\/11\/wachau-539x303.jpg\" class=\"attachment-latest_post_boxes size-latest_post_boxes wp-post-image\" alt=\"Ausflugsziel Wachau\" \/><\/a><\/div><div class=\"latest_post\"><div class=\"latest_post_text\"><div class=\"latest_post_inner\"><div class=\"latest_post_text_inner\"><h3 itemprop=\"name\" class=\"latest_post_title entry_title\"><a itemprop=\"url\" href=\"https:\/\/www.hotelwallner.at\/it\/veranstaltungen\/wachau\/\">Wachau<\/a><\/h3><p itemprop=\"description\" class=\"excerpt\">36 km lange Abschnitt des Donautales zwischen Melk und Krems an der Donau ...<\/p><span class=\"post_infos\"><\/span><\/div><\/div><\/div><\/div><li class=\"clearfix\"><div class=\"boxes_image\"><a itemprop=\"url\" href=\"https:\/\/www.hotelwallner.at\/it\/veranstaltungen\/stiftstflorian\/\"><img wpfc-lazyload-disable=\"true\" loading=\"lazy\" decoding=\"async\" width=\"539\" height=\"303\" src=\"https:\/\/www.hotelwallner.at\/wp2017\/wp-content\/uploads\/2020\/11\/stiftstflorian-539x303.jpg\" class=\"attachment-latest_post_boxes size-latest_post_boxes wp-post-image\" alt=\"Ausflugsziel Stift St. Florian\" \/><\/a><\/div><div class=\"latest_post\"><div class=\"latest_post_text\"><div class=\"latest_post_inner\"><div class=\"latest_post_text_inner\"><h3 itemprop=\"name\" class=\"latest_post_title entry_title\"><a itemprop=\"url\" href=\"https:\/\/www.hotelwallner.at\/it\/veranstaltungen\/stiftstflorian\/\">Stift St. Florian<\/a><\/h3><p itemprop=\"description\" class=\"excerpt\">Eines der gr\u00f6\u00dften und bekanntesten Kl\u00f6ster aus der Barockzeit in \u00d6sterreich, steht in der Marktgemei...<\/p><span class=\"post_infos\"><\/span><\/div><\/div><\/div><\/div><li class=\"clearfix\"><div class=\"boxes_image\"><a itemprop=\"url\" href=\"https:\/\/www.hotelwallner.at\/it\/veranstaltungen\/schallaburg\/\"><img wpfc-lazyload-disable=\"true\" loading=\"lazy\" decoding=\"async\" width=\"539\" height=\"303\" src=\"https:\/\/www.hotelwallner.at\/wp2017\/wp-content\/uploads\/2020\/11\/schallaburg-539x303.jpg\" class=\"attachment-latest_post_boxes size-latest_post_boxes wp-post-image\" alt=\"Ausflugsziel Schallaburg\" \/><\/a><\/div><div class=\"latest_post\"><div class=\"latest_post_text\"><div class=\"latest_post_inner\"><div class=\"latest_post_text_inner\"><h3 itemprop=\"name\" class=\"latest_post_title entry_title\"><a itemprop=\"url\" href=\"https:\/\/www.hotelwallner.at\/it\/veranstaltungen\/schallaburg\/\">Schallaburg<\/a><\/h3><p itemprop=\"description\" class=\"excerpt\">Die Schallaburg befindet sich rund sechs Kilometer s\u00fcdlich von Melk....<\/p><span class=\"post_infos\"><\/span><\/div><\/div><\/div><\/div><\/ul><\/div>\t<div class=\"vc_empty_space\"  style=\"height: 32px\" ><span\n\t\t\tclass=\"vc_empty_space_inner\">\n\t\t\t<span class=\"empty_space_image\"  ><\/span>\n\t\t<\/span><\/div>\n\n<\/div><\/div><\/div><\/div><\/div>","protected":false},"excerpt":{"rendered":"Die Schallaburg als architektonisches Gesamtkunstwerk ist Schauplatz unz\u00e4hliger spannender Geschichten. Von den \u00e4ltesten erhaltenen Bauteilen aus dem 11. Jhdt. bis hin zum Ausbau als Renaissanceschloss im 16. Jhdt. \u2013 viele Generationen adeliger Besitzer haben uns ein reiches kulturelles Erbe hinterlassen. Schallaburg","protected":false},"author":2,"featured_media":0,"parent":0,"menu_order":2,"comment_status":"closed","ping_status":"closed","template":"","meta":{"footnotes":""},"yoast_head":"<!-- This site is optimized with the Yoast SEO plugin v22.3 - https:\/\/yoast.com\/wordpress\/plugins\/seo\/ -->\n<title>Mostviertel - Restaurant-Hotel Wallner zum gr\u00fcnen Baum<\/title>\n<meta name=\"description\" content=\"Ausflugsziele und Sehensw\u00fcrdigkeiten rund um das Hotel Wallner in St. Valentin - das Tor zum Mostviertel.\" \/>\n<meta name=\"robots\" content=\"index, follow, max-snippet:-1, max-image-preview:large, max-video-preview:-1\" \/>\n<link rel=\"canonical\" href=\"https:\/\/www.hotelwallner.at\/it\/mostviertel\/\" \/>\n<meta property=\"og:locale\" content=\"it_IT\" \/>\n<meta property=\"og:type\" content=\"article\" \/>\n<meta property=\"og:title\" content=\"Mostviertel - Restaurant-Hotel Wallner zum gr\u00fcnen Baum\" \/>\n<meta property=\"og:description\" content=\"Ausflugsziele und Sehensw\u00fcrdigkeiten rund um das Hotel Wallner in St. Valentin - das Tor zum Mostviertel.\" \/>\n<meta property=\"og:url\" content=\"https:\/\/www.hotelwallner.at\/it\/mostviertel\/\" \/>\n<meta property=\"og:site_name\" content=\"Restaurant-Hotel Wallner zum gr\u00fcnen Baum\" \/>\n<meta property=\"article:publisher\" content=\"https:\/\/www.facebook.com\/restauranthotelwallner\/\" \/>\n<meta property=\"article:modified_time\" content=\"2021-01-11T16:14:55+00:00\" \/>\n<meta name=\"twitter:card\" content=\"summary_large_image\" \/>\n<meta name=\"twitter:label1\" content=\"Tempo di lettura stimato\" \/>\n\t<meta name=\"twitter:data1\" content=\"2 minuti\" \/>\n<script type=\"application\/ld+json\" class=\"yoast-schema-graph\">{\"@context\":\"https:\/\/schema.org\",\"@graph\":[{\"@type\":\"WebPage\",\"@id\":\"https:\/\/www.hotelwallner.at\/mostviertel\/\",\"url\":\"https:\/\/www.hotelwallner.at\/mostviertel\/\",\"name\":\"Mostviertel - Restaurant-Hotel Wallner zum gr\u00fcnen Baum\",\"isPartOf\":{\"@id\":\"https:\/\/www.hotelwallner.at\/#website\"},\"datePublished\":\"2017-09-11T11:29:48+00:00\",\"dateModified\":\"2021-01-11T16:14:55+00:00\",\"description\":\"Ausflugsziele und Sehensw\u00fcrdigkeiten rund um das Hotel Wallner in St. Valentin - das Tor zum Mostviertel.\",\"breadcrumb\":{\"@id\":\"https:\/\/www.hotelwallner.at\/mostviertel\/#breadcrumb\"},\"inLanguage\":\"it-IT\",\"potentialAction\":[{\"@type\":\"ReadAction\",\"target\":[\"https:\/\/www.hotelwallner.at\/mostviertel\/\"]}]},{\"@type\":\"BreadcrumbList\",\"@id\":\"https:\/\/www.hotelwallner.at\/mostviertel\/#breadcrumb\",\"itemListElement\":[{\"@type\":\"ListItem\",\"position\":1,\"name\":\"Startseite\",\"item\":\"https:\/\/www.hotelwallner.at\/\"},{\"@type\":\"ListItem\",\"position\":2,\"name\":\"Mostviertel\"}]},{\"@type\":\"WebSite\",\"@id\":\"https:\/\/www.hotelwallner.at\/#website\",\"url\":\"https:\/\/www.hotelwallner.at\/\",\"name\":\"Restaurant - Hotel Wallner\",\"description\":\"Ihr Hotel &amp; Restaurant in St. Valentin im Mostviertel\",\"publisher\":{\"@id\":\"https:\/\/www.hotelwallner.at\/#organization\"},\"potentialAction\":[{\"@type\":\"SearchAction\",\"target\":{\"@type\":\"EntryPoint\",\"urlTemplate\":\"https:\/\/www.hotelwallner.at\/?s={search_term_string}\"},\"query-input\":\"required name=search_term_string\"}],\"inLanguage\":\"it-IT\"},{\"@type\":\"Organization\",\"@id\":\"https:\/\/www.hotelwallner.at\/#organization\",\"name\":\"Restaurant-Hotel Wallner zum gr\u00fcnen Baum\",\"url\":\"https:\/\/www.hotelwallner.at\/\",\"logo\":{\"@type\":\"ImageObject\",\"inLanguage\":\"it-IT\",\"@id\":\"https:\/\/www.hotelwallner.at\/#\/schema\/logo\/image\/\",\"url\":\"https:\/\/www.hotelwallner.at\/wp2017\/wp-content\/uploads\/2015\/05\/wallner-Logo.png\",\"contentUrl\":\"https:\/\/www.hotelwallner.at\/wp2017\/wp-content\/uploads\/2015\/05\/wallner-Logo.png\",\"width\":500,\"height\":245,\"caption\":\"Restaurant-Hotel Wallner zum gr\u00fcnen Baum\"},\"image\":{\"@id\":\"https:\/\/www.hotelwallner.at\/#\/schema\/logo\/image\/\"},\"sameAs\":[\"https:\/\/www.facebook.com\/restauranthotelwallner\/\",\"https:\/\/www.instagram.com\/restaurant_hotel_wallner\/\"]}]}<\/script>\n<!-- \/ Yoast SEO plugin. -->","yoast_head_json":{"title":"Mostviertel - Restaurant-Hotel Wallner zum gr\u00fcnen Baum","description":"Ausflugsziele und Sehensw\u00fcrdigkeiten rund um das Hotel Wallner in St. Valentin - das Tor zum Mostviertel.","robots":{"index":"index","follow":"follow","max-snippet":"max-snippet:-1","max-image-preview":"max-image-preview:large","max-video-preview":"max-video-preview:-1"},"canonical":"https:\/\/www.hotelwallner.at\/it\/mostviertel\/","og_locale":"it_IT","og_type":"article","og_title":"Mostviertel - Restaurant-Hotel Wallner zum gr\u00fcnen Baum","og_description":"Ausflugsziele und Sehensw\u00fcrdigkeiten rund um das Hotel Wallner in St. Valentin - das Tor zum Mostviertel.","og_url":"https:\/\/www.hotelwallner.at\/it\/mostviertel\/","og_site_name":"Restaurant-Hotel Wallner zum gr\u00fcnen Baum","article_publisher":"https:\/\/www.facebook.com\/restauranthotelwallner\/","article_modified_time":"2021-01-11T16:14:55+00:00","twitter_card":"summary_large_image","twitter_misc":{"Tempo di lettura stimato":"2 minuti"},"schema":{"@context":"https:\/\/schema.org","@graph":[{"@type":"WebPage","@id":"https:\/\/www.hotelwallner.at\/mostviertel\/","url":"https:\/\/www.hotelwallner.at\/mostviertel\/","name":"Mostviertel - Restaurant-Hotel Wallner zum gr\u00fcnen Baum","isPartOf":{"@id":"https:\/\/www.hotelwallner.at\/#website"},"datePublished":"2017-09-11T11:29:48+00:00","dateModified":"2021-01-11T16:14:55+00:00","description":"Ausflugsziele und Sehensw\u00fcrdigkeiten rund um das Hotel Wallner in St. Valentin - das Tor zum Mostviertel.","breadcrumb":{"@id":"https:\/\/www.hotelwallner.at\/mostviertel\/#breadcrumb"},"inLanguage":"it-IT","potentialAction":[{"@type":"ReadAction","target":["https:\/\/www.hotelwallner.at\/mostviertel\/"]}]},{"@type":"BreadcrumbList","@id":"https:\/\/www.hotelwallner.at\/mostviertel\/#breadcrumb","itemListElement":[{"@type":"ListItem","position":1,"name":"Startseite","item":"https:\/\/www.hotelwallner.at\/"},{"@type":"ListItem","position":2,"name":"Mostviertel"}]},{"@type":"WebSite","@id":"https:\/\/www.hotelwallner.at\/#website","url":"https:\/\/www.hotelwallner.at\/","name":"Restaurant - Hotel Wallner","description":"Ihr Hotel &amp; Restaurant in St. Valentin im Mostviertel","publisher":{"@id":"https:\/\/www.hotelwallner.at\/#organization"},"potentialAction":[{"@type":"SearchAction","target":{"@type":"EntryPoint","urlTemplate":"https:\/\/www.hotelwallner.at\/?s={search_term_string}"},"query-input":"required name=search_term_string"}],"inLanguage":"it-IT"},{"@type":"Organization","@id":"https:\/\/www.hotelwallner.at\/#organization","name":"Restaurant-Hotel Wallner zum gr\u00fcnen Baum","url":"https:\/\/www.hotelwallner.at\/","logo":{"@type":"ImageObject","inLanguage":"it-IT","@id":"https:\/\/www.hotelwallner.at\/#\/schema\/logo\/image\/","url":"https:\/\/www.hotelwallner.at\/wp2017\/wp-content\/uploads\/2015\/05\/wallner-Logo.png","contentUrl":"https:\/\/www.hotelwallner.at\/wp2017\/wp-content\/uploads\/2015\/05\/wallner-Logo.png","width":500,"height":245,"caption":"Restaurant-Hotel Wallner zum gr\u00fcnen Baum"},"image":{"@id":"https:\/\/www.hotelwallner.at\/#\/schema\/logo\/image\/"},"sameAs":["https:\/\/www.facebook.com\/restauranthotelwallner\/","https:\/\/www.instagram.com\/restaurant_hotel_wallner\/"]}]}},"publishpress_future_action":{"enabled":false,"date":"2026-05-08 11:34:49","action":"change-status","newStatus":"draft","terms":[],"taxonomy":""},"_links":{"self":[{"href":"https:\/\/www.hotelwallner.at\/it\/wp-json\/wp\/v2\/pages\/16768"}],"collection":[{"href":"https:\/\/www.hotelwallner.at\/it\/wp-json\/wp\/v2\/pages"}],"about":[{"href":"https:\/\/www.hotelwallner.at\/it\/wp-json\/wp\/v2\/types\/page"}],"author":[{"embeddable":true,"href":"https:\/\/www.hotelwallner.at\/it\/wp-json\/wp\/v2\/users\/2"}],"replies":[{"embeddable":true,"href":"https:\/\/www.hotelwallner.at\/it\/wp-json\/wp\/v2\/comments?post=16768"}],"version-history":[{"count":22,"href":"https:\/\/www.hotelwallner.at\/it\/wp-json\/wp\/v2\/pages\/16768\/revisions"}],"predecessor-version":[{"id":17294,"href":"https:\/\/www.hotelwallner.at\/it\/wp-json\/wp\/v2\/pages\/16768\/revisions\/17294"}],"wp:attachment":[{"href":"https:\/\/www.hotelwallner.at\/it\/wp-json\/wp\/v2\/media?parent=16768"}],"curies":[{"name":"wp","href":"https:\/\/api.w.org\/{rel}","templated":true}]}}