{"id":16315,"date":"2015-05-05T06:47:49","date_gmt":"2015-05-05T06:47:49","guid":{"rendered":"http:\/\/www.hotelwallner.at\/?page_id=16315"},"modified":"2020-11-30T14:03:56","modified_gmt":"2020-11-30T13:03:56","slug":"gruppenreisen-busse-restaurant-mostviertel","status":"publish","type":"page","link":"https:\/\/www.hotelwallner.at\/hu\/gruppenreisen-busse-restaurant-mostviertel\/","title":{"rendered":"fogadjuk."},"content":{"rendered":"<div      class=\"vc_row wpb_row section vc_row-fluid\" style=' text-align:left;'><div class=\"full_section_inner clearfix\"><div class=\"wpb_column vc_column_container vc_col-sm-12\"><div class=\"vc_column-inner vc_custom_1430732654026\"><div class=\"wpb_wrapper\"><div class=\"wpb_gallery wpb_content_element vc_clearfix\"><div class=\"wpb_wrapper\"><div class=\"wpb_gallery_slides wpb_flexslider flexslider_fade flexslider\" data-interval=\"10\" data-flex_fx=\"fade\"><ul class=\"slides\"><li><img wpfc-lazyload-disable=\"true\" loading=\"lazy\" decoding=\"async\" class=\"\" src=\"https:\/\/www.hotelwallner.at\/wp2017\/wp-content\/uploads\/2015\/05\/restaurant-hotel-wallner-1000x400.jpg\" width=\"1000\" height=\"400\" alt=\"Au\u00dfenansicht Hotel Restaurant Wallner in St. Valentin, Nieder\u00f6sterreich\" title=\"Wallner Hotel \u00e9s \u00c9tterem\" \/><\/li><li><img wpfc-lazyload-disable=\"true\" loading=\"lazy\" decoding=\"async\" class=\"\" src=\"https:\/\/www.hotelwallner.at\/wp2017\/wp-content\/uploads\/2016\/01\/IMG_0884-1000x400.jpg\" width=\"1000\" height=\"400\" alt=\"Feierlichkeiten im Restaurant in St. Valentin\" title=\"Feierlichkeiten im Restaurant in St. Valentin\" \/><\/li><\/ul><\/div><\/div><\/div><\/div><\/div><\/div><\/div><\/div><div      class=\"vc_row wpb_row section vc_row-fluid\" style=' text-align:left;'><div class=\"full_section_inner clearfix\"><div class=\"wpb_column vc_column_container vc_col-sm-12\"><div class=\"vc_column-inner\"><div class=\"wpb_wrapper\">\n\t<div class=\"wpb_text_column wpb_content_element\">\n\t\t<div class=\"wpb_wrapper\">\n\t\t\t<h1>CSOPORTOS T\u00daR\u00c1K A MOSTVIERTELBEN<\/h1>\n<p>A St. Valentin-i sz\u00e1lloda nagyon n\u00e9pszer\u0171 a csoportos \u00e9s buszos kir\u00e1ndul\u00e1sokra 50 f\u0151s l\u00e9tsz\u00e1mig.<\/p>\n<p>Haszn\u00e1lja ki az ide\u00e1lis fekv\u00e9st \u00e9s a csoportos el\u0151ny\u00f6ket a Wallner Hotel \u00e9s \u00c9tterem zum Gr\u00fcnen Baum-ban.<\/p>\n<h2>CSOPORTOS \u00c9S BUSZOS UTAZ\u00c1SOK A MOSTVIERTELI HOTEL WALLNERBEN<\/h2>\n<p>A Hotel Wallner - a sz\u00e1lloda Ausztria sz\u00edv\u00e9ben tal\u00e1lhat\u00f3, Salzburg \u00e9s B\u00e9cs k\u00f6z\u00f6tt. t\u00f6k\u00e9letes kiindul\u00f3pont kir\u00e1ndul\u00e1sokhoz az als\u00f3-ausztriai Mostviertelbe. Ide\u00e1lis kisebb \u00e9s nagyobb utaz\u00e1si csoportok sz\u00e1m\u00e1ra is, ingyenes buszparkol\u00f3val a h\u00e1z el\u0151tt!<\/p>\n<p>Legyen az egy csoportos utaz\u00e1s Als\u00f3-Ausztri\u00e1ba, egy buszos kir\u00e1ndul\u00e1s a Mostviertelbe, vagy egy c\u00e9ges kir\u00e1ndul\u00e1s St. Valentinbe \u00e9s k\u00f6rny\u00e9kre, a Hotel Wallner szem\u00e9lyre szabott aj\u00e1nlatokat k\u00edn\u00e1l \u00d6nnek. A n\u00e9pszer\u0171 \u00fati c\u00e9lok aut\u00f3val n\u00e9h\u00e1ny perc alatt el\u00e9rhet\u0151k.<\/p>\n<p><strong>El\u0151ny\u00f6k a Hotel Wallner buszcsoportjai sz\u00e1m\u00e1ra:<\/strong><\/p>\n<ul>\n<li>A Wallner Hotel 5 percre tal\u00e1lhat\u00f3 az A1-es aut\u00f3p\u00e1lya lehajt\u00f3j\u00e1t\u00f3l.<\/li>\n<li>Lehet\u0151s\u00e9g k\u00edn\u00e1lkozik egynapos kir\u00e1ndul\u00e1s, v\u00e1rosn\u00e9z\u00e9s \u00e9s k\u00f6rutaz\u00e1s megval\u00f3s\u00edt\u00e1s\u00e1ra.<\/li>\n<li>Biztos\u00edtjuk ak\u00e1r 60 f\u0151 elsz\u00e1ll\u00e1sol\u00e1s\u00e1t.<\/li>\n<li>Ingyenes buszparkol\u00f3 a Wallner Hotel \u00e9s \u00e9tterem \u00e9p\u00fclete el\u0151tt.<\/li>\n<\/ul>\n<p><strong>A Hotel Wallner el\u0151nyei csoportok r\u00e9sz\u00e9re:<\/strong><\/p>\n<ul>\n<li>Kedvez\u0151 csomagaj\u00e1nlatok<\/li>\n<li>Ide\u00e1lis kiindul\u00f3pont tematikus utaz\u00e1sokhoz<\/li>\n<li>Sz\u00e1mtalan kir\u00e1ndul\u00f3hely<\/li>\n<\/ul>\n<p>Az egyes\u00fcleteket \u00e9s a t\u00fara csoportokat nagyon sz\u00edvesen l\u00e1tjuk itt az \u00e9tterm\u00fcnkben. \u00d6r\u00f6mmel seg\u00edt\u00fcnk \u00d6nnek a megfelel\u0151 egy- vagy t\u00f6bbnapos kir\u00e1ndul\u00e1s kiv\u00e1laszt\u00e1s\u00e1ban. <a href=\"https:\/\/www.hotelwallner.at\/jausenbusse-ins-mostviertel\/\" target=\"_blank\" rel=\"noopener noreferrer\">Kattintson ide az \u00c9tkez\u0151buszok inform\u00e1ci\u00f3\u00e9rt.<\/a> ..<\/p>\n<p><strong>Milyen el\u0151ny\u00f6kkel j\u00e1r az ingyenes buszmappa - a sikeres buszkezel\u0151k munkamapp\u00e1ja:<\/strong><\/p>\n<ul>\n<li>Szem\u00e9lyre szabott utaz\u00e1si csoportok szervez\u00e9se<\/li>\n<li>Tov\u00e1bb\u00e1: okos keretprogramok<\/li>\n<li>Csoportos \u00e1rak egy pillanat alatt<\/li>\n<li>Inform\u00e1ci\u00f3 a k\u00f6rny\u00e9k k\u00fcl\u00f6nb\u00f6z\u0151 kir\u00e1ndul\u00f3pontjair\u00f3l \u00e9s l\u00e1tnival\u00f3ir\u00f3l.<\/li>\n<li>Egyszer\u0171 fax k\u00e9r\u0151 ig\u00e9nyl\u0151lap<\/li>\n<li>Prom\u00f3ci\u00f3s Shell mappa - t\u00e1mogat\u00e1sunk az \u00e9rt\u00e9kes\u00edt\u00e9shez<\/li>\n<\/ul>\n<p>K\u00e9rje most ingyenes <a href=\"https:\/\/www.hotelwallner.at\/wp2017\/wp-content\/uploads\/2020\/11\/flyer_a4_reisebusfolderwallner.pdf\" target=\"_blank\" rel=\"noopener noreferrer\">busz mapp\u00e1nkat.<\/a>.<\/p>\n\n\t\t<\/div> \n\t<\/div> \t<div class=\"vc_empty_space\"  style=\"height: 32px\" ><span\n\t\t\tclass=\"vc_empty_space_inner\">\n\t\t\t<span class=\"empty_space_image\"  ><\/span>\n\t\t<\/span><\/div>\n\n<div class=\"wpb_gallery wpb_content_element vc_clearfix\"><div class=\"wpb_wrapper\"><div class=\"wpb_gallery_slides wpb_image_grid\" data-interval=\"3\"><div class=\"gallery_holder\"><ul class=\"gallery_inner gallery_with_space  v4\"><li class=\"no_grayscale\"><a itemprop=\"image\" class=\"qode-prettyphoto\" href=\"https:\/\/www.hotelwallner.at\/wp2017\/wp-content\/uploads\/2016\/01\/IMG_0884-1024x768.jpg\" data-rel=\"prettyPhoto[rel-16315-2131744519]\"><span class=\"gallery_hover\"><i class=\"fa fa-search\"><\/i><\/span><img loading=\"lazy\" decoding=\"async\" class=\"\" src=\"https:\/\/www.hotelwallner.at\/wp2017\/wp-content\/uploads\/2016\/01\/IMG_0884-250x150.jpg\" width=\"250\" height=\"150\" alt=\"Feierlichkeiten im Restaurant in St. Valentin\" title=\"Feierlichkeiten im Restaurant in St. Valentin\" \/><\/a><\/li><li class=\"no_grayscale\"><a itemprop=\"image\" class=\"qode-prettyphoto\" href=\"https:\/\/www.hotelwallner.at\/wp2017\/wp-content\/uploads\/2015\/05\/Stueberl_Seminar-1024x683.jpg\" data-rel=\"prettyPhoto[rel-16315-2131744519]\"><span class=\"gallery_hover\"><i class=\"fa fa-search\"><\/i><\/span><img loading=\"lazy\" decoding=\"async\" class=\"\" src=\"https:\/\/www.hotelwallner.at\/wp2017\/wp-content\/uploads\/2015\/05\/Stueberl_Seminar-250x150.jpg\" width=\"250\" height=\"150\" alt=\"Hotel Wallner, St. Valentin, zum gr\u00fcnen Baum\" title=\"Hotel Wallner, St. Valentin, zum gr\u00fcnen Baum\" \/><\/a><\/li><li class=\"no_grayscale\"><a itemprop=\"image\" class=\"qode-prettyphoto\" href=\"https:\/\/www.hotelwallner.at\/wp2017\/wp-content\/uploads\/2015\/05\/Stueberl_Feierlichkeiten1-1024x751.jpg\" data-rel=\"prettyPhoto[rel-16315-2131744519]\"><span class=\"gallery_hover\"><i class=\"fa fa-search\"><\/i><\/span><img loading=\"lazy\" decoding=\"async\" class=\"\" src=\"https:\/\/www.hotelwallner.at\/wp2017\/wp-content\/uploads\/2015\/05\/Stueberl_Feierlichkeiten1-250x150.jpg\" width=\"250\" height=\"150\" alt=\"\u00dcnnep a fogad\u00f3 helyis\u00e9gben\" title=\"\u00dcnnep a fogad\u00f3 helyis\u00e9gben\" \/><\/a><\/li><li class=\"no_grayscale\"><a itemprop=\"image\" class=\"qode-prettyphoto\" href=\"https:\/\/www.hotelwallner.at\/wp2017\/wp-content\/uploads\/2015\/05\/Saal_Feierlichkeiten-1024x728.jpg\" data-rel=\"prettyPhoto[rel-16315-2131744519]\"><span class=\"gallery_hover\"><i class=\"fa fa-search\"><\/i><\/span><img loading=\"lazy\" decoding=\"async\" class=\"\" src=\"https:\/\/www.hotelwallner.at\/wp2017\/wp-content\/uploads\/2015\/05\/Saal_Feierlichkeiten-250x150.jpg\" width=\"250\" height=\"150\" alt=\"Feiern im Saal in Nieder\u00f6sterreich\" title=\"Feiern im Saal in Nieder\u00f6sterreich\" \/><\/a><\/li><\/ul><\/div><\/div><\/div><\/div><\/div><\/div><\/div><\/div><\/div><div      class=\"vc_row wpb_row section vc_row-fluid\" style=' text-align:left;'><div class=\"full_section_inner clearfix\"><div class=\"wpb_column vc_column_container vc_col-sm-12\"><div class=\"vc_column-inner\"><div class=\"wpb_wrapper\">\t<div class=\"vc_empty_space\"  style=\"height: 32px\" ><span\n\t\t\tclass=\"vc_empty_space_inner\">\n\t\t\t<span class=\"empty_space_image\"  ><\/span>\n\t\t<\/span><\/div>\n\n<a  itemprop=\"url\" href=\"\/seminare-veranstaltungen-meetings-niederoesterreich\" target=\"_self\"  class=\"qbutton  center default\" style=\"margin: 0 auto; \">Szemin\u00e1rium<\/a>\t<div class=\"vc_empty_space\"  style=\"height: 32px\" ><span\n\t\t\tclass=\"vc_empty_space_inner\">\n\t\t\t<span class=\"empty_space_image\"  ><\/span>\n\t\t<\/span><\/div>\n\n\t<div class=\"vc_empty_space\"  style=\"height: 32px\" ><span\n\t\t\tclass=\"vc_empty_space_inner\">\n\t\t\t<span class=\"empty_space_image\"  ><\/span>\n\t\t<\/span><\/div>\n\n<\/div><\/div><\/div><\/div><\/div>","protected":false},"excerpt":{"rendered":"Gruppenreisen ins Mostviertel Das Hotel in St. Valentin ist sehr beliebt f\u00fcr Gruppen- &amp; Busreisen bis zu 50 Personen. Profitieren Sie von der idealen Lage &amp; den Gruppenvorteilen im Hotel-Restaurant Wallner zum gr\u00fcnen Baum. Hotel Wallner - Ihr Hotel f\u00fcr Gruppen- &amp; Busreisen im Mostviertel...","protected":false},"author":1,"featured_media":0,"parent":0,"menu_order":14,"comment_status":"closed","ping_status":"closed","template":"","meta":{"footnotes":""},"yoast_head":"<!-- This site is optimized with the Yoast SEO plugin v22.3 - https:\/\/yoast.com\/wordpress\/plugins\/seo\/ -->\n<title>Gruppenreisen - Restaurant-Hotel Wallner zum gr\u00fcnen Baum<\/title>\n<meta name=\"robots\" content=\"index, follow, max-snippet:-1, max-image-preview:large, max-video-preview:-1\" \/>\n<link rel=\"canonical\" href=\"https:\/\/www.hotelwallner.at\/hu\/gruppenreisen-busse-restaurant-mostviertel\/\" \/>\n<meta property=\"og:locale\" content=\"hu_HU\" \/>\n<meta property=\"og:type\" content=\"article\" \/>\n<meta property=\"og:title\" content=\"Gruppenreisen - Restaurant-Hotel Wallner zum gr\u00fcnen Baum\" \/>\n<meta property=\"og:url\" content=\"https:\/\/www.hotelwallner.at\/hu\/gruppenreisen-busse-restaurant-mostviertel\/\" \/>\n<meta property=\"og:site_name\" content=\"Restaurant-Hotel Wallner zum gr\u00fcnen Baum\" \/>\n<meta property=\"article:publisher\" content=\"https:\/\/www.facebook.com\/restauranthotelwallner\/\" \/>\n<meta property=\"article:modified_time\" content=\"2020-11-30T13:03:56+00:00\" \/>\n<meta name=\"twitter:card\" content=\"summary_large_image\" \/>\n<meta name=\"twitter:label1\" content=\"Becs\u00fclt olvas\u00e1si id\u0151\" \/>\n\t<meta name=\"twitter:data1\" content=\"2 perc\" \/>\n<script type=\"application\/ld+json\" class=\"yoast-schema-graph\">{\"@context\":\"https:\/\/schema.org\",\"@graph\":[{\"@type\":\"WebPage\",\"@id\":\"https:\/\/www.hotelwallner.at\/gruppenreisen-busse-restaurant-mostviertel\/\",\"url\":\"https:\/\/www.hotelwallner.at\/gruppenreisen-busse-restaurant-mostviertel\/\",\"name\":\"Gruppenreisen - Restaurant-Hotel Wallner zum gr\u00fcnen Baum\",\"isPartOf\":{\"@id\":\"https:\/\/www.hotelwallner.at\/#website\"},\"datePublished\":\"2015-05-05T06:47:49+00:00\",\"dateModified\":\"2020-11-30T13:03:56+00:00\",\"breadcrumb\":{\"@id\":\"https:\/\/www.hotelwallner.at\/gruppenreisen-busse-restaurant-mostviertel\/#breadcrumb\"},\"inLanguage\":\"hu\",\"potentialAction\":[{\"@type\":\"ReadAction\",\"target\":[\"https:\/\/www.hotelwallner.at\/gruppenreisen-busse-restaurant-mostviertel\/\"]}]},{\"@type\":\"BreadcrumbList\",\"@id\":\"https:\/\/www.hotelwallner.at\/gruppenreisen-busse-restaurant-mostviertel\/#breadcrumb\",\"itemListElement\":[{\"@type\":\"ListItem\",\"position\":1,\"name\":\"Startseite\",\"item\":\"https:\/\/www.hotelwallner.at\/\"},{\"@type\":\"ListItem\",\"position\":2,\"name\":\"Gruppenreisen\"}]},{\"@type\":\"WebSite\",\"@id\":\"https:\/\/www.hotelwallner.at\/#website\",\"url\":\"https:\/\/www.hotelwallner.at\/\",\"name\":\"Restaurant - Hotel Wallner\",\"description\":\"Ihr Hotel &amp; Restaurant in St. Valentin im Mostviertel\",\"publisher\":{\"@id\":\"https:\/\/www.hotelwallner.at\/#organization\"},\"potentialAction\":[{\"@type\":\"SearchAction\",\"target\":{\"@type\":\"EntryPoint\",\"urlTemplate\":\"https:\/\/www.hotelwallner.at\/?s={search_term_string}\"},\"query-input\":\"required name=search_term_string\"}],\"inLanguage\":\"hu\"},{\"@type\":\"Organization\",\"@id\":\"https:\/\/www.hotelwallner.at\/#organization\",\"name\":\"Restaurant-Hotel Wallner zum gr\u00fcnen Baum\",\"url\":\"https:\/\/www.hotelwallner.at\/\",\"logo\":{\"@type\":\"ImageObject\",\"inLanguage\":\"hu\",\"@id\":\"https:\/\/www.hotelwallner.at\/#\/schema\/logo\/image\/\",\"url\":\"https:\/\/www.hotelwallner.at\/wp2017\/wp-content\/uploads\/2015\/05\/wallner-Logo.png\",\"contentUrl\":\"https:\/\/www.hotelwallner.at\/wp2017\/wp-content\/uploads\/2015\/05\/wallner-Logo.png\",\"width\":500,\"height\":245,\"caption\":\"Restaurant-Hotel Wallner zum gr\u00fcnen Baum\"},\"image\":{\"@id\":\"https:\/\/www.hotelwallner.at\/#\/schema\/logo\/image\/\"},\"sameAs\":[\"https:\/\/www.facebook.com\/restauranthotelwallner\/\",\"https:\/\/www.instagram.com\/restaurant_hotel_wallner\/\"]}]}<\/script>\n<!-- \/ Yoast SEO plugin. -->","yoast_head_json":{"title":"Gruppenreisen - Restaurant-Hotel Wallner zum gr\u00fcnen Baum","robots":{"index":"index","follow":"follow","max-snippet":"max-snippet:-1","max-image-preview":"max-image-preview:large","max-video-preview":"max-video-preview:-1"},"canonical":"https:\/\/www.hotelwallner.at\/hu\/gruppenreisen-busse-restaurant-mostviertel\/","og_locale":"hu_HU","og_type":"article","og_title":"Gruppenreisen - Restaurant-Hotel Wallner zum gr\u00fcnen Baum","og_url":"https:\/\/www.hotelwallner.at\/hu\/gruppenreisen-busse-restaurant-mostviertel\/","og_site_name":"Restaurant-Hotel Wallner zum gr\u00fcnen Baum","article_publisher":"https:\/\/www.facebook.com\/restauranthotelwallner\/","article_modified_time":"2020-11-30T13:03:56+00:00","twitter_card":"summary_large_image","twitter_misc":{"Becs\u00fclt olvas\u00e1si id\u0151":"2 perc"},"schema":{"@context":"https:\/\/schema.org","@graph":[{"@type":"WebPage","@id":"https:\/\/www.hotelwallner.at\/gruppenreisen-busse-restaurant-mostviertel\/","url":"https:\/\/www.hotelwallner.at\/gruppenreisen-busse-restaurant-mostviertel\/","name":"Gruppenreisen - Restaurant-Hotel Wallner zum gr\u00fcnen Baum","isPartOf":{"@id":"https:\/\/www.hotelwallner.at\/#website"},"datePublished":"2015-05-05T06:47:49+00:00","dateModified":"2020-11-30T13:03:56+00:00","breadcrumb":{"@id":"https:\/\/www.hotelwallner.at\/gruppenreisen-busse-restaurant-mostviertel\/#breadcrumb"},"inLanguage":"hu","potentialAction":[{"@type":"ReadAction","target":["https:\/\/www.hotelwallner.at\/gruppenreisen-busse-restaurant-mostviertel\/"]}]},{"@type":"BreadcrumbList","@id":"https:\/\/www.hotelwallner.at\/gruppenreisen-busse-restaurant-mostviertel\/#breadcrumb","itemListElement":[{"@type":"ListItem","position":1,"name":"Startseite","item":"https:\/\/www.hotelwallner.at\/"},{"@type":"ListItem","position":2,"name":"Gruppenreisen"}]},{"@type":"WebSite","@id":"https:\/\/www.hotelwallner.at\/#website","url":"https:\/\/www.hotelwallner.at\/","name":"Restaurant - Hotel Wallner","description":"Ihr Hotel &amp; Restaurant in St. Valentin im Mostviertel","publisher":{"@id":"https:\/\/www.hotelwallner.at\/#organization"},"potentialAction":[{"@type":"SearchAction","target":{"@type":"EntryPoint","urlTemplate":"https:\/\/www.hotelwallner.at\/?s={search_term_string}"},"query-input":"required name=search_term_string"}],"inLanguage":"hu"},{"@type":"Organization","@id":"https:\/\/www.hotelwallner.at\/#organization","name":"Restaurant-Hotel Wallner zum gr\u00fcnen Baum","url":"https:\/\/www.hotelwallner.at\/","logo":{"@type":"ImageObject","inLanguage":"hu","@id":"https:\/\/www.hotelwallner.at\/#\/schema\/logo\/image\/","url":"https:\/\/www.hotelwallner.at\/wp2017\/wp-content\/uploads\/2015\/05\/wallner-Logo.png","contentUrl":"https:\/\/www.hotelwallner.at\/wp2017\/wp-content\/uploads\/2015\/05\/wallner-Logo.png","width":500,"height":245,"caption":"Restaurant-Hotel Wallner zum gr\u00fcnen Baum"},"image":{"@id":"https:\/\/www.hotelwallner.at\/#\/schema\/logo\/image\/"},"sameAs":["https:\/\/www.facebook.com\/restauranthotelwallner\/","https:\/\/www.instagram.com\/restaurant_hotel_wallner\/"]}]}},"publishpress_future_action":{"enabled":false,"date":"2026-05-07 01:06:47","action":"change-status","newStatus":"draft","terms":[],"taxonomy":""},"_links":{"self":[{"href":"https:\/\/www.hotelwallner.at\/hu\/wp-json\/wp\/v2\/pages\/16315"}],"collection":[{"href":"https:\/\/www.hotelwallner.at\/hu\/wp-json\/wp\/v2\/pages"}],"about":[{"href":"https:\/\/www.hotelwallner.at\/hu\/wp-json\/wp\/v2\/types\/page"}],"author":[{"embeddable":true,"href":"https:\/\/www.hotelwallner.at\/hu\/wp-json\/wp\/v2\/users\/1"}],"replies":[{"embeddable":true,"href":"https:\/\/www.hotelwallner.at\/hu\/wp-json\/wp\/v2\/comments?post=16315"}],"version-history":[{"count":6,"href":"https:\/\/www.hotelwallner.at\/hu\/wp-json\/wp\/v2\/pages\/16315\/revisions"}],"predecessor-version":[{"id":17246,"href":"https:\/\/www.hotelwallner.at\/hu\/wp-json\/wp\/v2\/pages\/16315\/revisions\/17246"}],"wp:attachment":[{"href":"https:\/\/www.hotelwallner.at\/hu\/wp-json\/wp\/v2\/media?parent=16315"}],"curies":[{"name":"wp","href":"https:\/\/api.w.org\/{rel}","templated":true}]}}