{"id":16312,"date":"2015-05-05T06:45:56","date_gmt":"2015-05-05T06:45:56","guid":{"rendered":"http:\/\/www.hotelwallner.at\/?page_id=16312"},"modified":"2020-11-13T16:38:44","modified_gmt":"2020-11-13T15:38:44","slug":"feiern-hochzeiten-geburtstag-restaurant","status":"publish","type":"page","link":"https:\/\/www.hotelwallner.at\/hu\/feiern-hochzeiten-geburtstag-restaurant\/","title":{"rendered":"\u00dcnnepeljen n\u00e1lunk"},"content":{"rendered":"<div      class=\"vc_row wpb_row section vc_row-fluid\" style=' text-align:left;'><div class=\"full_section_inner clearfix\"><div class=\"wpb_column vc_column_container vc_col-sm-12\"><div class=\"vc_column-inner vc_custom_1430732654026\"><div class=\"wpb_wrapper\"><div class=\"wpb_gallery wpb_content_element vc_clearfix\"><div class=\"wpb_wrapper\"><div class=\"wpb_gallery_slides wpb_flexslider flexslider_fade flexslider\" data-interval=\"10\" data-flex_fx=\"fade\"><ul class=\"slides\"><li><img wpfc-lazyload-disable=\"true\" loading=\"lazy\" decoding=\"async\" class=\"\" src=\"https:\/\/www.hotelwallner.at\/wp2017\/wp-content\/uploads\/2017\/09\/auswahl-dsc_9770-1000x400.jpg\" width=\"1000\" height=\"400\" alt=\"Hochzeitstafel im Restaurant-Hotel Wallner im Mostviertel\" title=\"Hochzeitstafel im Restaurant-Hotel Wallner im Mostviertel\" \/><\/li><li><img wpfc-lazyload-disable=\"true\" loading=\"lazy\" decoding=\"async\" class=\"\" src=\"https:\/\/www.hotelwallner.at\/wp2017\/wp-content\/uploads\/2015\/05\/Restaurant-Catering-Seminar-Hotel-Wallner-18-1000x400.jpg\" width=\"1000\" height=\"400\" alt=\"Restaurant Catering Seminar Hotel Wallner\" title=\"Restaurant Catering Seminar Hotel Wallner\" \/><\/li><li><img wpfc-lazyload-disable=\"true\" loading=\"lazy\" decoding=\"async\" class=\"\" src=\"https:\/\/www.hotelwallner.at\/wp2017\/wp-content\/uploads\/2017\/09\/auswahl-dsc_9734-1000x400.jpg\" width=\"1000\" height=\"400\" alt=\"Hochzeitstafel im Restaurant-Hotel Wallner im Mostviertel\" title=\"Hochzeitstafel im Restaurant-Hotel Wallner im Mostviertel\" \/><\/li><li><img wpfc-lazyload-disable=\"true\" loading=\"lazy\" decoding=\"async\" class=\"\" src=\"https:\/\/www.hotelwallner.at\/wp2017\/wp-content\/uploads\/2015\/05\/Restaurant-Catering-Seminar-Hotel-Wallner-01-1000x400.jpg\" width=\"1000\" height=\"400\" alt=\"Restaurant Catering Seminar Hotel Wallner\" title=\"Restaurant Catering Seminar Hotel Wallner\" \/><\/li><li><img wpfc-lazyload-disable=\"true\" loading=\"lazy\" decoding=\"async\" class=\"\" src=\"https:\/\/www.hotelwallner.at\/wp2017\/wp-content\/uploads\/2017\/09\/auswahl-dsc_9753-1000x400.jpg\" width=\"1000\" height=\"400\" alt=\"Hochzeitstafel im Restaurant-Hotel Wallner im Mostviertel\" title=\"Hochzeitstafel im Restaurant-Hotel Wallner im Mostviertel\" \/><\/li><li><img wpfc-lazyload-disable=\"true\" loading=\"lazy\" decoding=\"async\" class=\"\" src=\"https:\/\/www.hotelwallner.at\/wp2017\/wp-content\/uploads\/2015\/05\/Stueberl_Feierlichkeiten1-1000x400.jpg\" width=\"1000\" height=\"400\" alt=\"\u00dcnnep a fogad\u00f3 helyis\u00e9gben\" title=\"\u00dcnnep a fogad\u00f3 helyis\u00e9gben\" \/><\/li><li><img wpfc-lazyload-disable=\"true\" loading=\"lazy\" decoding=\"async\" class=\"\" src=\"https:\/\/www.hotelwallner.at\/wp2017\/wp-content\/uploads\/2016\/01\/IMG_0688-1000x400.jpg\" width=\"1000\" height=\"400\" alt=\"Gedeckte Hochzeitstafel\" title=\"Gedeckte Hochzeitstafel\" \/><\/li><li><img wpfc-lazyload-disable=\"true\" loading=\"lazy\" decoding=\"async\" class=\"\" src=\"https:\/\/www.hotelwallner.at\/wp2017\/wp-content\/uploads\/2016\/01\/IMG_0406-1000x400.jpg\" width=\"1000\" height=\"400\" alt=\"Catering Outdoor\" title=\"Catering Outdoor\" \/><\/li><\/ul><\/div><\/div><\/div><\/div><\/div><\/div><\/div><\/div><div      class=\"vc_row wpb_row section vc_row-fluid\" style=' text-align:left;'><div class=\"full_section_inner clearfix\"><div class=\"wpb_column vc_column_container vc_col-sm-12\"><div class=\"vc_column-inner\"><div class=\"wpb_wrapper\">\n\t<div class=\"wpb_text_column wpb_content_element\">\n\t\t<div class=\"wpb_wrapper\">\n\t\t\t<h1>\u00dcnnepeljen n\u00e1lunk<\/h1>\n<p>Ne t\u00f6ltse a konyh\u00e1ban az \u00fcnnepeket, hanem \u00fcnnepeljen egy\u00fctt a r\u00e9sztvev\u0151kkel. Figyelmes csapat, kiv\u00e1l\u00f3 \u00e9telek \u00e9s egy sz\u00e9pen el\u0151k\u00e9sz\u00edtett asztal vagy terem. Mindegy, hogy lakodalom, sz\u00fclet\u00e9snapi buli vagy c\u00e9ges \u00fcnneps\u00e9g. Minden rendezv\u00e9nyt el\u0151k\u00e9sz\u00edt\u00fcnk az \u00d6n elk\u00e9pzel\u00e9se szerint. Mi biztos\u00edtjuk, hogy felejthetetlen, eml\u00e9kekben gazdag \u00fcnneps\u00e9gben legyen r\u00e9sze.<\/p>\n<p>Az \u00e9tterem befogad\u00f3k\u00e9pess\u00e9ge 350 f\u0151, h\u00e1rom k\u00fcl\u00f6nb\u00f6z\u0151 teremben. V\u00e1laszthatnak a rusztikus fa fogad\u00f3, a Pavilon \u00e9s a rendezv\u00e9nyterem k\u00f6z\u00f6tt, amely mozgathat\u00f3 v\u00e1laszfalakkal is felszerelt. Ny\u00e1ron mad\u00e1rcsicserg\u00e9sben gazdag, \u00e1rny\u00e9kos kerthelyis\u00e9gben is v\u00e1rjuk az ide \u00e9rkez\u0151ket.<\/p>\n<h2>H\u00c1ZASS\u00c1GK\u00d6T\u00c9S A MOSTVIERTELBEN - \u00c9LVEZZE A BAR\u00c1TS\u00c1GOS HELYSZ\u00cdNT A NAGY NAP MEG\u00dcNNEPL\u00c9S\u00c9RE<\/h2>\n<p>\u00c9tterm\u00fcnkben teh\u00e1t elegend\u0151 hely van nagyobb rendezv\u00e9nyek lebonyol\u00edt\u00e1s\u00e1ra is. K\u00e9r\u00e9s\u00fckre ak\u00e1r men\u00fct is \u00f6ssze\u00e1ll\u00edtunk.  Bar\u00e1ts\u00e1gos kiszolg\u00e1l\u00e1st biztos\u00edtunk, hogy \u00d6n \u00e9s a r\u00e9sztvev\u0151k otthon \u00e9rezhess\u00e9k magukat.<\/p>\n<p>Egy szem\u00e9lyes megbesz\u00e9l\u00e9s alkalm\u00e1val egyedi vari\u00e1ci\u00f3t \u00e1ll\u00edtunk \u00f6ssze \u00d6nnek.<\/p>\n\n\t\t<\/div> \n\t<\/div> \t<div class=\"vc_empty_space\"  style=\"height: 32px\" ><span\n\t\t\tclass=\"vc_empty_space_inner\">\n\t\t\t<span class=\"empty_space_image\"  ><\/span>\n\t\t<\/span><\/div>\n\n<div class=\"wpb_gallery wpb_content_element vc_clearfix\"><div class=\"wpb_wrapper\"><div class=\"wpb_gallery_slides wpb_image_grid\" data-interval=\"3\"><div class=\"gallery_holder\"><ul class=\"gallery_inner gallery_with_space  v4\"><li class=\"no_grayscale\"><a itemprop=\"image\" class=\"qode-prettyphoto\" href=\"https:\/\/www.hotelwallner.at\/wp2017\/wp-content\/uploads\/2017\/09\/auswahl-dsc_9734-1024x682.jpg\" data-rel=\"prettyPhoto[rel-16312-774429469]\"><span class=\"gallery_hover\"><i class=\"fa fa-search\"><\/i><\/span><img loading=\"lazy\" decoding=\"async\" class=\"\" src=\"https:\/\/www.hotelwallner.at\/wp2017\/wp-content\/uploads\/2017\/09\/auswahl-dsc_9734-250x150.jpg\" width=\"250\" height=\"150\" alt=\"Hochzeitstafel im Restaurant-Hotel Wallner im Mostviertel\" title=\"Hochzeitstafel im Restaurant-Hotel Wallner im Mostviertel\" \/><\/a><\/li><li class=\"no_grayscale\"><a itemprop=\"image\" class=\"qode-prettyphoto\" href=\"https:\/\/www.hotelwallner.at\/wp2017\/wp-content\/uploads\/2017\/09\/auswahl-dsc_9792-1024x682.jpg\" data-rel=\"prettyPhoto[rel-16312-774429469]\"><span class=\"gallery_hover\"><i class=\"fa fa-search\"><\/i><\/span><img loading=\"lazy\" decoding=\"async\" class=\"\" src=\"https:\/\/www.hotelwallner.at\/wp2017\/wp-content\/uploads\/2017\/09\/auswahl-dsc_9792-250x150.jpg\" width=\"250\" height=\"150\" alt=\"Hochzeitstafel im Restaurant-Hotel Wallner im Mostviertel\" title=\"Hochzeitstafel im Restaurant-Hotel Wallner im Mostviertel\" \/><\/a><\/li><li class=\"no_grayscale\"><a itemprop=\"image\" class=\"qode-prettyphoto\" href=\"https:\/\/www.hotelwallner.at\/wp2017\/wp-content\/uploads\/2017\/09\/auswahl-dsc_9753-1024x683.jpg\" data-rel=\"prettyPhoto[rel-16312-774429469]\"><span class=\"gallery_hover\"><i class=\"fa fa-search\"><\/i><\/span><img loading=\"lazy\" decoding=\"async\" class=\"\" src=\"https:\/\/www.hotelwallner.at\/wp2017\/wp-content\/uploads\/2017\/09\/auswahl-dsc_9753-250x150.jpg\" width=\"250\" height=\"150\" alt=\"Hochzeitstafel im Restaurant-Hotel Wallner im Mostviertel\" title=\"Hochzeitstafel im Restaurant-Hotel Wallner im Mostviertel\" \/><\/a><\/li><li class=\"no_grayscale\"><a itemprop=\"image\" class=\"qode-prettyphoto\" href=\"https:\/\/www.hotelwallner.at\/wp2017\/wp-content\/uploads\/2017\/09\/auswahl-dsc_9751-1024x682.jpg\" data-rel=\"prettyPhoto[rel-16312-774429469]\"><span class=\"gallery_hover\"><i class=\"fa fa-search\"><\/i><\/span><img loading=\"lazy\" decoding=\"async\" class=\"\" src=\"https:\/\/www.hotelwallner.at\/wp2017\/wp-content\/uploads\/2017\/09\/auswahl-dsc_9751-250x150.jpg\" width=\"250\" height=\"150\" alt=\"Hochzeitstafel im Restaurant-Hotel Wallner im Mostviertel\" title=\"Hochzeitstafel im Restaurant-Hotel Wallner im Mostviertel\" \/><\/a><\/li><li class=\"no_grayscale\"><a itemprop=\"image\" class=\"qode-prettyphoto\" href=\"https:\/\/www.hotelwallner.at\/wp2017\/wp-content\/uploads\/2017\/09\/auswahl-dsc_9741-1024x682.jpg\" data-rel=\"prettyPhoto[rel-16312-774429469]\"><span class=\"gallery_hover\"><i class=\"fa fa-search\"><\/i><\/span><img loading=\"lazy\" decoding=\"async\" class=\"\" src=\"https:\/\/www.hotelwallner.at\/wp2017\/wp-content\/uploads\/2017\/09\/auswahl-dsc_9741-250x150.jpg\" width=\"250\" height=\"150\" alt=\"Hochzeitstafel im Restaurant-Hotel Wallner im Mostviertel\" title=\"Hochzeitstafel im Restaurant-Hotel Wallner im Mostviertel\" \/><\/a><\/li><li class=\"no_grayscale\"><a itemprop=\"image\" class=\"qode-prettyphoto\" href=\"https:\/\/www.hotelwallner.at\/wp2017\/wp-content\/uploads\/2017\/09\/auswahl-dsc_9838-1024x682.jpg\" data-rel=\"prettyPhoto[rel-16312-774429469]\"><span class=\"gallery_hover\"><i class=\"fa fa-search\"><\/i><\/span><img loading=\"lazy\" decoding=\"async\" class=\"\" src=\"https:\/\/www.hotelwallner.at\/wp2017\/wp-content\/uploads\/2017\/09\/auswahl-dsc_9838-250x150.jpg\" width=\"250\" height=\"150\" alt=\"Hochzeiten im Restaurant-Hotel Wallner im Mostviertel\" title=\"Hochzeiten im Restaurant-Hotel Wallner im Mostviertel\" \/><\/a><\/li><li class=\"no_grayscale\"><a itemprop=\"image\" class=\"qode-prettyphoto\" href=\"https:\/\/www.hotelwallner.at\/wp2017\/wp-content\/uploads\/2017\/09\/auswahl-dsc_9735-1024x682.jpg\" data-rel=\"prettyPhoto[rel-16312-774429469]\"><span class=\"gallery_hover\"><i class=\"fa fa-search\"><\/i><\/span><img loading=\"lazy\" decoding=\"async\" class=\"\" src=\"https:\/\/www.hotelwallner.at\/wp2017\/wp-content\/uploads\/2017\/09\/auswahl-dsc_9735-250x150.jpg\" width=\"250\" height=\"150\" alt=\"Hochzeitstafel im Restaurant-Hotel Wallner im Mostviertel\" title=\"Hochzeitstafel im Restaurant-Hotel Wallner im Mostviertel\" \/><\/a><\/li><li class=\"no_grayscale\"><a itemprop=\"image\" class=\"qode-prettyphoto\" href=\"https:\/\/www.hotelwallner.at\/wp2017\/wp-content\/uploads\/2017\/09\/auswahl-dsc_9812-1024x682.jpg\" data-rel=\"prettyPhoto[rel-16312-774429469]\"><span class=\"gallery_hover\"><i class=\"fa fa-search\"><\/i><\/span><img loading=\"lazy\" decoding=\"async\" class=\"\" src=\"https:\/\/www.hotelwallner.at\/wp2017\/wp-content\/uploads\/2017\/09\/auswahl-dsc_9812-250x150.jpg\" width=\"250\" height=\"150\" alt=\"Hochzeiten im Restaurant-Hotel Wallner im Mostviertel\" title=\"Hochzeiten im Restaurant-Hotel Wallner im Mostviertel\" \/><\/a><\/li><li class=\"no_grayscale\"><a itemprop=\"image\" class=\"qode-prettyphoto\" href=\"https:\/\/www.hotelwallner.at\/wp2017\/wp-content\/uploads\/2017\/09\/auswahl-dsc_9811-1024x682.jpg\" data-rel=\"prettyPhoto[rel-16312-774429469]\"><span class=\"gallery_hover\"><i class=\"fa fa-search\"><\/i><\/span><img loading=\"lazy\" decoding=\"async\" class=\"\" src=\"https:\/\/www.hotelwallner.at\/wp2017\/wp-content\/uploads\/2017\/09\/auswahl-dsc_9811-250x150.jpg\" width=\"250\" height=\"150\" alt=\"Hochzeiten im Restaurant-Hotel Wallner im Mostviertel\" title=\"Hochzeiten im Restaurant-Hotel Wallner im Mostviertel\" \/><\/a><\/li><li class=\"no_grayscale\"><a itemprop=\"image\" class=\"qode-prettyphoto\" href=\"https:\/\/www.hotelwallner.at\/wp2017\/wp-content\/uploads\/2017\/09\/auswahl-dsc_9808-1024x682.jpg\" data-rel=\"prettyPhoto[rel-16312-774429469]\"><span class=\"gallery_hover\"><i class=\"fa fa-search\"><\/i><\/span><img loading=\"lazy\" decoding=\"async\" class=\"\" src=\"https:\/\/www.hotelwallner.at\/wp2017\/wp-content\/uploads\/2017\/09\/auswahl-dsc_9808-250x150.jpg\" width=\"250\" height=\"150\" alt=\"Hochzeitstafel im Restaurant-Hotel Wallner im Mostviertel\" title=\"Hochzeitstafel im Restaurant-Hotel Wallner im Mostviertel\" \/><\/a><\/li><li class=\"no_grayscale\"><a itemprop=\"image\" class=\"qode-prettyphoto\" href=\"https:\/\/www.hotelwallner.at\/wp2017\/wp-content\/uploads\/2017\/09\/auswahl-dsc_9764-1024x682.jpg\" data-rel=\"prettyPhoto[rel-16312-774429469]\"><span class=\"gallery_hover\"><i class=\"fa fa-search\"><\/i><\/span><img loading=\"lazy\" decoding=\"async\" class=\"\" src=\"https:\/\/www.hotelwallner.at\/wp2017\/wp-content\/uploads\/2017\/09\/auswahl-dsc_9764-250x150.jpg\" width=\"250\" height=\"150\" alt=\"Hochzeitstafel im Restaurant-Hotel Wallner im Mostviertel\" title=\"Hochzeitstafel im Restaurant-Hotel Wallner im Mostviertel\" \/><\/a><\/li><li class=\"no_grayscale\"><a itemprop=\"image\" class=\"qode-prettyphoto\" href=\"https:\/\/www.hotelwallner.at\/wp2017\/wp-content\/uploads\/2017\/09\/auswahl-dsc_9770-1024x682.jpg\" data-rel=\"prettyPhoto[rel-16312-774429469]\"><span class=\"gallery_hover\"><i class=\"fa fa-search\"><\/i><\/span><img loading=\"lazy\" decoding=\"async\" class=\"\" src=\"https:\/\/www.hotelwallner.at\/wp2017\/wp-content\/uploads\/2017\/09\/auswahl-dsc_9770-250x150.jpg\" width=\"250\" height=\"150\" alt=\"Hochzeitstafel im Restaurant-Hotel Wallner im Mostviertel\" title=\"Hochzeitstafel im Restaurant-Hotel Wallner im Mostviertel\" \/><\/a><\/li><li class=\"no_grayscale\"><a itemprop=\"image\" class=\"qode-prettyphoto\" href=\"https:\/\/www.hotelwallner.at\/wp2017\/wp-content\/uploads\/2016\/01\/IMG_0685-1024x683.jpg\" data-rel=\"prettyPhoto[rel-16312-774429469]\"><span class=\"gallery_hover\"><i class=\"fa fa-search\"><\/i><\/span><img loading=\"lazy\" decoding=\"async\" class=\"\" src=\"https:\/\/www.hotelwallner.at\/wp2017\/wp-content\/uploads\/2016\/01\/IMG_0685-250x150.jpg\" width=\"250\" height=\"150\" alt=\"Saal f\u00fcr Hochzeiten in St. Valentin\" title=\"Saal f\u00fcr Hochzeiten in St. Valentin\" \/><\/a><\/li><li class=\"no_grayscale\"><a itemprop=\"image\" class=\"qode-prettyphoto\" href=\"https:\/\/www.hotelwallner.at\/wp2017\/wp-content\/uploads\/2015\/05\/Stueberl_Feierlichkeiten1-1024x751.jpg\" data-rel=\"prettyPhoto[rel-16312-774429469]\"><span class=\"gallery_hover\"><i class=\"fa fa-search\"><\/i><\/span><img loading=\"lazy\" decoding=\"async\" class=\"\" src=\"https:\/\/www.hotelwallner.at\/wp2017\/wp-content\/uploads\/2015\/05\/Stueberl_Feierlichkeiten1-250x150.jpg\" width=\"250\" height=\"150\" alt=\"\u00dcnnep a fogad\u00f3 helyis\u00e9gben\" title=\"\u00dcnnep a fogad\u00f3 helyis\u00e9gben\" \/><\/a><\/li><li class=\"no_grayscale\"><a itemprop=\"image\" class=\"qode-prettyphoto\" href=\"https:\/\/www.hotelwallner.at\/wp2017\/wp-content\/uploads\/2015\/05\/Restaurant-Catering-Seminar-Hotel-Wallner-01-1024x574.jpg\" data-rel=\"prettyPhoto[rel-16312-774429469]\"><span class=\"gallery_hover\"><i class=\"fa fa-search\"><\/i><\/span><img loading=\"lazy\" decoding=\"async\" class=\"\" src=\"https:\/\/www.hotelwallner.at\/wp2017\/wp-content\/uploads\/2015\/05\/Restaurant-Catering-Seminar-Hotel-Wallner-01-250x150.jpg\" width=\"250\" height=\"150\" alt=\"Restaurant Catering Seminar Hotel Wallner\" title=\"Restaurant Catering Seminar Hotel Wallner\" \/><\/a><\/li><li class=\"no_grayscale\"><a itemprop=\"image\" class=\"qode-prettyphoto\" href=\"https:\/\/www.hotelwallner.at\/wp2017\/wp-content\/uploads\/2015\/05\/Restaurant-Catering-Seminar-Hotel-Wallner-18-1024x640.jpg\" data-rel=\"prettyPhoto[rel-16312-774429469]\"><span class=\"gallery_hover\"><i class=\"fa fa-search\"><\/i><\/span><img loading=\"lazy\" decoding=\"async\" class=\"\" src=\"https:\/\/www.hotelwallner.at\/wp2017\/wp-content\/uploads\/2015\/05\/Restaurant-Catering-Seminar-Hotel-Wallner-18-250x150.jpg\" width=\"250\" height=\"150\" alt=\"Restaurant Catering Seminar Hotel Wallner\" title=\"Restaurant Catering Seminar Hotel Wallner\" \/><\/a><\/li><li class=\"no_grayscale\"><a itemprop=\"image\" class=\"qode-prettyphoto\" href=\"https:\/\/www.hotelwallner.at\/wp2017\/wp-content\/uploads\/2015\/05\/Restaurant-Catering-Seminar-Hotel-Wallner-02-1024x684.jpg\" data-rel=\"prettyPhoto[rel-16312-774429469]\"><span class=\"gallery_hover\"><i class=\"fa fa-search\"><\/i><\/span><img loading=\"lazy\" decoding=\"async\" class=\"\" src=\"https:\/\/www.hotelwallner.at\/wp2017\/wp-content\/uploads\/2015\/05\/Restaurant-Catering-Seminar-Hotel-Wallner-02-250x150.jpg\" width=\"250\" height=\"150\" alt=\"Restaurant Catering Seminar Hotel Wallner\" title=\"Restaurant Catering Seminar Hotel Wallner\" \/><\/a><\/li><li class=\"no_grayscale\"><a itemprop=\"image\" class=\"qode-prettyphoto\" href=\"https:\/\/www.hotelwallner.at\/wp2017\/wp-content\/uploads\/2015\/05\/Restaurant-Catering-Seminar-Hotel-Wallner-03.jpg\" data-rel=\"prettyPhoto[rel-16312-774429469]\"><span class=\"gallery_hover\"><i class=\"fa fa-search\"><\/i><\/span><img loading=\"lazy\" decoding=\"async\" class=\"\" src=\"https:\/\/www.hotelwallner.at\/wp2017\/wp-content\/uploads\/2015\/05\/Restaurant-Catering-Seminar-Hotel-Wallner-03-250x150.jpg\" width=\"250\" height=\"150\" alt=\"Gedeckter Tisch im Hotel Wallner, St. Valentin\" title=\"Gedeckter Tisch im Hotel Wallner, St. Valentin\" \/><\/a><\/li><li class=\"no_grayscale\"><a itemprop=\"image\" class=\"qode-prettyphoto\" href=\"https:\/\/www.hotelwallner.at\/wp2017\/wp-content\/uploads\/2016\/01\/IMG_1165-1024x768.jpg\" data-rel=\"prettyPhoto[rel-16312-774429469]\"><span class=\"gallery_hover\"><i class=\"fa fa-search\"><\/i><\/span><img loading=\"lazy\" decoding=\"async\" class=\"\" src=\"https:\/\/www.hotelwallner.at\/wp2017\/wp-content\/uploads\/2016\/01\/IMG_1165-250x150.jpg\" width=\"250\" height=\"150\" alt=\"Torte und Fr\u00fcchte\" title=\"Torte und Fr\u00fcchte\" \/><\/a><\/li><li class=\"no_grayscale\"><a itemprop=\"image\" class=\"qode-prettyphoto\" href=\"https:\/\/www.hotelwallner.at\/wp2017\/wp-content\/uploads\/2016\/01\/IMG_1159-1024x768.jpg\" data-rel=\"prettyPhoto[rel-16312-774429469]\"><span class=\"gallery_hover\"><i class=\"fa fa-search\"><\/i><\/span><img loading=\"lazy\" decoding=\"async\" class=\"\" src=\"https:\/\/www.hotelwallner.at\/wp2017\/wp-content\/uploads\/2016\/01\/IMG_1159-250x150.jpg\" width=\"250\" height=\"150\" alt=\"Saal f\u00fcr Feiern an der A1 Westautobahn\" title=\"Saal f\u00fcr Feiern an der A1 Westautobahn\" \/><\/a><\/li><li class=\"no_grayscale\"><a itemprop=\"image\" class=\"qode-prettyphoto\" href=\"https:\/\/www.hotelwallner.at\/wp2017\/wp-content\/uploads\/2016\/01\/saal.jpg\" data-rel=\"prettyPhoto[rel-16312-774429469]\"><span class=\"gallery_hover\"><i class=\"fa fa-search\"><\/i><\/span><img loading=\"lazy\" decoding=\"async\" class=\"\" src=\"https:\/\/www.hotelwallner.at\/wp2017\/wp-content\/uploads\/2016\/01\/saal-250x150.jpg\" width=\"250\" height=\"150\" alt=\"Saal f\u00fcr Feiern in Nieder\u00f6sterreich\" title=\"Saal f\u00fcr Feiern in Nieder\u00f6sterreich\" \/><\/a><\/li><li class=\"no_grayscale\"><a itemprop=\"image\" class=\"qode-prettyphoto\" href=\"https:\/\/www.hotelwallner.at\/wp2017\/wp-content\/uploads\/2016\/01\/IMG_0684-1024x683.jpg\" data-rel=\"prettyPhoto[rel-16312-774429469]\"><span class=\"gallery_hover\"><i class=\"fa fa-search\"><\/i><\/span><img loading=\"lazy\" decoding=\"async\" class=\"\" src=\"https:\/\/www.hotelwallner.at\/wp2017\/wp-content\/uploads\/2016\/01\/IMG_0684-250x150.jpg\" width=\"250\" height=\"150\" alt=\"Hochzeitsrestaurant in Nieder\u00f6sterreich\" title=\"Hochzeitsrestaurant in Nieder\u00f6sterreich\" \/><\/a><\/li><li class=\"no_grayscale\"><a itemprop=\"image\" class=\"qode-prettyphoto\" href=\"https:\/\/www.hotelwallner.at\/wp2017\/wp-content\/uploads\/2016\/01\/IMG_0686-683x1024.jpg\" data-rel=\"prettyPhoto[rel-16312-774429469]\"><span class=\"gallery_hover\"><i class=\"fa fa-search\"><\/i><\/span><img loading=\"lazy\" decoding=\"async\" class=\"\" src=\"https:\/\/www.hotelwallner.at\/wp2017\/wp-content\/uploads\/2016\/01\/IMG_0686-250x150.jpg\" width=\"250\" height=\"150\" alt=\"Hochzeitstafel Feierlich\" title=\"Hochzeitstafel Feierlich\" \/><\/a><\/li><li class=\"no_grayscale\"><a itemprop=\"image\" class=\"qode-prettyphoto\" href=\"https:\/\/www.hotelwallner.at\/wp2017\/wp-content\/uploads\/2016\/01\/IMG_0688-683x1024.jpg\" data-rel=\"prettyPhoto[rel-16312-774429469]\"><span class=\"gallery_hover\"><i class=\"fa fa-search\"><\/i><\/span><img loading=\"lazy\" decoding=\"async\" class=\"\" src=\"https:\/\/www.hotelwallner.at\/wp2017\/wp-content\/uploads\/2016\/01\/IMG_0688-250x150.jpg\" width=\"250\" height=\"150\" alt=\"Gedeckte Hochzeitstafel\" title=\"Gedeckte Hochzeitstafel\" \/><\/a><\/li><li class=\"no_grayscale\"><a itemprop=\"image\" class=\"qode-prettyphoto\" href=\"https:\/\/www.hotelwallner.at\/wp2017\/wp-content\/uploads\/2016\/01\/IMG_0687-1024x683.jpg\" data-rel=\"prettyPhoto[rel-16312-774429469]\"><span class=\"gallery_hover\"><i class=\"fa fa-search\"><\/i><\/span><img loading=\"lazy\" decoding=\"async\" class=\"\" src=\"https:\/\/www.hotelwallner.at\/wp2017\/wp-content\/uploads\/2016\/01\/IMG_0687-250x150.jpg\" width=\"250\" height=\"150\" alt=\"Hochzeitstafel gedeckt\" title=\"Hochzeitstafel gedeckt\" \/><\/a><\/li><li class=\"no_grayscale\"><a itemprop=\"image\" class=\"qode-prettyphoto\" href=\"https:\/\/www.hotelwallner.at\/wp2017\/wp-content\/uploads\/2016\/01\/IMG_0689-1024x683.jpg\" data-rel=\"prettyPhoto[rel-16312-774429469]\"><span class=\"gallery_hover\"><i class=\"fa fa-search\"><\/i><\/span><img loading=\"lazy\" decoding=\"async\" class=\"\" src=\"https:\/\/www.hotelwallner.at\/wp2017\/wp-content\/uploads\/2016\/01\/IMG_0689-250x150.jpg\" width=\"250\" height=\"150\" alt=\"Hochzeitstafel in St. Valentin\" title=\"Hochzeitstafel in St. Valentin\" \/><\/a><\/li><li class=\"no_grayscale\"><a itemprop=\"image\" class=\"qode-prettyphoto\" href=\"https:\/\/www.hotelwallner.at\/wp2017\/wp-content\/uploads\/2016\/01\/IMG_1316-1024x768.jpg\" data-rel=\"prettyPhoto[rel-16312-774429469]\"><span class=\"gallery_hover\"><i class=\"fa fa-search\"><\/i><\/span><img loading=\"lazy\" decoding=\"async\" class=\"\" src=\"https:\/\/www.hotelwallner.at\/wp2017\/wp-content\/uploads\/2016\/01\/IMG_1316-250x150.jpg\" width=\"250\" height=\"150\" alt=\"Gedeckte Tische im Hotelsaal\" title=\"Gedeckte Tische im Hotelsaal\" \/><\/a><\/li><li class=\"no_grayscale\"><a itemprop=\"image\" class=\"qode-prettyphoto\" href=\"https:\/\/www.hotelwallner.at\/wp2017\/wp-content\/uploads\/2016\/01\/IMG_1838-689x1024.jpg\" data-rel=\"prettyPhoto[rel-16312-774429469]\"><span class=\"gallery_hover\"><i class=\"fa fa-search\"><\/i><\/span><img loading=\"lazy\" decoding=\"async\" class=\"\" src=\"https:\/\/www.hotelwallner.at\/wp2017\/wp-content\/uploads\/2016\/01\/IMG_1838-250x150.jpg\" width=\"250\" height=\"150\" alt=\"Saal: Hotel zum gr\u00fcnen Baum\" title=\"Saal: Hotel zum gr\u00fcnen Baum\" \/><\/a><\/li><li class=\"no_grayscale\"><a itemprop=\"image\" class=\"qode-prettyphoto\" href=\"https:\/\/www.hotelwallner.at\/wp2017\/wp-content\/uploads\/2016\/01\/IMG_0406-1024x768.jpg\" data-rel=\"prettyPhoto[rel-16312-774429469]\"><span class=\"gallery_hover\"><i class=\"fa fa-search\"><\/i><\/span><img loading=\"lazy\" decoding=\"async\" class=\"\" src=\"https:\/\/www.hotelwallner.at\/wp2017\/wp-content\/uploads\/2016\/01\/IMG_0406-250x150.jpg\" width=\"250\" height=\"150\" alt=\"Catering Outdoor\" title=\"Catering Outdoor\" \/><\/a><\/li><li class=\"no_grayscale\"><a itemprop=\"image\" class=\"qode-prettyphoto\" href=\"https:\/\/www.hotelwallner.at\/wp2017\/wp-content\/uploads\/2016\/01\/IMG_0880-768x1024.jpg\" data-rel=\"prettyPhoto[rel-16312-774429469]\"><span class=\"gallery_hover\"><i class=\"fa fa-search\"><\/i><\/span><img loading=\"lazy\" decoding=\"async\" class=\"\" src=\"https:\/\/www.hotelwallner.at\/wp2017\/wp-content\/uploads\/2016\/01\/IMG_0880-250x150.jpg\" width=\"250\" height=\"150\" alt=\"Schank im Restaurant zum gr\u00fcnen Baum\" title=\"Schank im Restaurant zum gr\u00fcnen Baum\" \/><\/a><\/li><li class=\"no_grayscale\"><a itemprop=\"image\" class=\"qode-prettyphoto\" href=\"https:\/\/www.hotelwallner.at\/wp2017\/wp-content\/uploads\/2015\/05\/11.jpg\" data-rel=\"prettyPhoto[rel-16312-774429469]\"><span class=\"gallery_hover\"><i class=\"fa fa-search\"><\/i><\/span><img loading=\"lazy\" decoding=\"async\" class=\"\" src=\"https:\/\/www.hotelwallner.at\/wp2017\/wp-content\/uploads\/2015\/05\/11-250x150.jpg\" width=\"250\" height=\"150\" alt=\"Tisch im Restaurant Wallner\" title=\"Tisch im Restaurant Wallner\" \/><\/a><\/li><\/ul><\/div><\/div><\/div><\/div><\/div><\/div><\/div><\/div><\/div><div      class=\"vc_row wpb_row section vc_row-fluid\" style=' text-align:left;'><div class=\"full_section_inner clearfix\"><div class=\"wpb_column vc_column_container vc_col-sm-12\"><div class=\"vc_column-inner\"><div class=\"wpb_wrapper\">\t<div class=\"vc_empty_space\"  style=\"height: 32px\" ><span\n\t\t\tclass=\"vc_empty_space_inner\">\n\t\t\t<span class=\"empty_space_image\"  ><\/span>\n\t\t<\/span><\/div>\n\n<a  itemprop=\"url\" href=\"\/gourmetkalender\" target=\"_self\"  class=\"qbutton  center default\" style=\"margin: 0 auto; \">Tov\u00e1bb a hagyom\u00e1nyokhoz<\/a>\t<div class=\"vc_empty_space\"  style=\"height: 32px\" ><span\n\t\t\tclass=\"vc_empty_space_inner\">\n\t\t\t<span class=\"empty_space_image\"  ><\/span>\n\t\t<\/span><\/div>\n\n\t<div class=\"vc_empty_space\"  style=\"height: 32px\" ><span\n\t\t\tclass=\"vc_empty_space_inner\">\n\t\t\t<span class=\"empty_space_image\"  ><\/span>\n\t\t<\/span><\/div>\n\n<\/div><\/div><\/div><\/div><\/div>","protected":false},"excerpt":{"rendered":"Feste feiern im Restaurant Wallner in St. Valentin Man soll die Feste stets feiern, wie sie fallen. Dabei darf es nat\u00fcrlich nicht am passenden Ambiente, am aufmerksamen Service und ausgezeichneten Essen fehlen. Egal ob glanzvolle Hochzeiten, unvergessliche Geburtstagsfeiern oder Firmenessen \u2013 in unseren R\u00e4umlichkeiten des...","protected":false},"author":1,"featured_media":0,"parent":0,"menu_order":13,"comment_status":"closed","ping_status":"closed","template":"","meta":{"footnotes":""},"yoast_head":"<!-- This site is optimized with the Yoast SEO plugin v22.3 - https:\/\/yoast.com\/wordpress\/plugins\/seo\/ -->\n<title>Feste feiern - Restaurant-Hotel Wallner zum gr\u00fcnen Baum<\/title>\n<meta name=\"robots\" content=\"index, follow, max-snippet:-1, max-image-preview:large, max-video-preview:-1\" \/>\n<link rel=\"canonical\" href=\"https:\/\/www.hotelwallner.at\/hu\/feiern-hochzeiten-geburtstag-restaurant\/\" \/>\n<meta property=\"og:locale\" content=\"hu_HU\" \/>\n<meta property=\"og:type\" content=\"article\" \/>\n<meta property=\"og:title\" content=\"Feste feiern - Restaurant-Hotel Wallner zum gr\u00fcnen Baum\" \/>\n<meta property=\"og:url\" content=\"https:\/\/www.hotelwallner.at\/hu\/feiern-hochzeiten-geburtstag-restaurant\/\" \/>\n<meta property=\"og:site_name\" content=\"Restaurant-Hotel Wallner zum gr\u00fcnen Baum\" \/>\n<meta property=\"article:publisher\" content=\"https:\/\/www.facebook.com\/restauranthotelwallner\/\" \/>\n<meta property=\"article:modified_time\" content=\"2020-11-13T15:38:44+00:00\" \/>\n<meta name=\"twitter:card\" content=\"summary_large_image\" \/>\n<meta name=\"twitter:label1\" content=\"Becs\u00fclt olvas\u00e1si id\u0151\" \/>\n\t<meta name=\"twitter:data1\" content=\"2 perc\" \/>\n<script type=\"application\/ld+json\" class=\"yoast-schema-graph\">{\"@context\":\"https:\/\/schema.org\",\"@graph\":[{\"@type\":\"WebPage\",\"@id\":\"https:\/\/www.hotelwallner.at\/feiern-hochzeiten-geburtstag-restaurant\/\",\"url\":\"https:\/\/www.hotelwallner.at\/feiern-hochzeiten-geburtstag-restaurant\/\",\"name\":\"Feste feiern - Restaurant-Hotel Wallner zum gr\u00fcnen Baum\",\"isPartOf\":{\"@id\":\"https:\/\/www.hotelwallner.at\/#website\"},\"datePublished\":\"2015-05-05T06:45:56+00:00\",\"dateModified\":\"2020-11-13T15:38:44+00:00\",\"breadcrumb\":{\"@id\":\"https:\/\/www.hotelwallner.at\/feiern-hochzeiten-geburtstag-restaurant\/#breadcrumb\"},\"inLanguage\":\"hu\",\"potentialAction\":[{\"@type\":\"ReadAction\",\"target\":[\"https:\/\/www.hotelwallner.at\/feiern-hochzeiten-geburtstag-restaurant\/\"]}]},{\"@type\":\"BreadcrumbList\",\"@id\":\"https:\/\/www.hotelwallner.at\/feiern-hochzeiten-geburtstag-restaurant\/#breadcrumb\",\"itemListElement\":[{\"@type\":\"ListItem\",\"position\":1,\"name\":\"Startseite\",\"item\":\"https:\/\/www.hotelwallner.at\/\"},{\"@type\":\"ListItem\",\"position\":2,\"name\":\"Feste feiern\"}]},{\"@type\":\"WebSite\",\"@id\":\"https:\/\/www.hotelwallner.at\/#website\",\"url\":\"https:\/\/www.hotelwallner.at\/\",\"name\":\"Restaurant - Hotel Wallner\",\"description\":\"Ihr Hotel &amp; Restaurant in St. Valentin im Mostviertel\",\"publisher\":{\"@id\":\"https:\/\/www.hotelwallner.at\/#organization\"},\"potentialAction\":[{\"@type\":\"SearchAction\",\"target\":{\"@type\":\"EntryPoint\",\"urlTemplate\":\"https:\/\/www.hotelwallner.at\/?s={search_term_string}\"},\"query-input\":\"required name=search_term_string\"}],\"inLanguage\":\"hu\"},{\"@type\":\"Organization\",\"@id\":\"https:\/\/www.hotelwallner.at\/#organization\",\"name\":\"Restaurant-Hotel Wallner zum gr\u00fcnen Baum\",\"url\":\"https:\/\/www.hotelwallner.at\/\",\"logo\":{\"@type\":\"ImageObject\",\"inLanguage\":\"hu\",\"@id\":\"https:\/\/www.hotelwallner.at\/#\/schema\/logo\/image\/\",\"url\":\"https:\/\/www.hotelwallner.at\/wp2017\/wp-content\/uploads\/2015\/05\/wallner-Logo.png\",\"contentUrl\":\"https:\/\/www.hotelwallner.at\/wp2017\/wp-content\/uploads\/2015\/05\/wallner-Logo.png\",\"width\":500,\"height\":245,\"caption\":\"Restaurant-Hotel Wallner zum gr\u00fcnen Baum\"},\"image\":{\"@id\":\"https:\/\/www.hotelwallner.at\/#\/schema\/logo\/image\/\"},\"sameAs\":[\"https:\/\/www.facebook.com\/restauranthotelwallner\/\",\"https:\/\/www.instagram.com\/restaurant_hotel_wallner\/\"]}]}<\/script>\n<!-- \/ Yoast SEO plugin. -->","yoast_head_json":{"title":"Feste feiern - Restaurant-Hotel Wallner zum gr\u00fcnen Baum","robots":{"index":"index","follow":"follow","max-snippet":"max-snippet:-1","max-image-preview":"max-image-preview:large","max-video-preview":"max-video-preview:-1"},"canonical":"https:\/\/www.hotelwallner.at\/hu\/feiern-hochzeiten-geburtstag-restaurant\/","og_locale":"hu_HU","og_type":"article","og_title":"Feste feiern - Restaurant-Hotel Wallner zum gr\u00fcnen Baum","og_url":"https:\/\/www.hotelwallner.at\/hu\/feiern-hochzeiten-geburtstag-restaurant\/","og_site_name":"Restaurant-Hotel Wallner zum gr\u00fcnen Baum","article_publisher":"https:\/\/www.facebook.com\/restauranthotelwallner\/","article_modified_time":"2020-11-13T15:38:44+00:00","twitter_card":"summary_large_image","twitter_misc":{"Becs\u00fclt olvas\u00e1si id\u0151":"2 perc"},"schema":{"@context":"https:\/\/schema.org","@graph":[{"@type":"WebPage","@id":"https:\/\/www.hotelwallner.at\/feiern-hochzeiten-geburtstag-restaurant\/","url":"https:\/\/www.hotelwallner.at\/feiern-hochzeiten-geburtstag-restaurant\/","name":"Feste feiern - Restaurant-Hotel Wallner zum gr\u00fcnen Baum","isPartOf":{"@id":"https:\/\/www.hotelwallner.at\/#website"},"datePublished":"2015-05-05T06:45:56+00:00","dateModified":"2020-11-13T15:38:44+00:00","breadcrumb":{"@id":"https:\/\/www.hotelwallner.at\/feiern-hochzeiten-geburtstag-restaurant\/#breadcrumb"},"inLanguage":"hu","potentialAction":[{"@type":"ReadAction","target":["https:\/\/www.hotelwallner.at\/feiern-hochzeiten-geburtstag-restaurant\/"]}]},{"@type":"BreadcrumbList","@id":"https:\/\/www.hotelwallner.at\/feiern-hochzeiten-geburtstag-restaurant\/#breadcrumb","itemListElement":[{"@type":"ListItem","position":1,"name":"Startseite","item":"https:\/\/www.hotelwallner.at\/"},{"@type":"ListItem","position":2,"name":"Feste feiern"}]},{"@type":"WebSite","@id":"https:\/\/www.hotelwallner.at\/#website","url":"https:\/\/www.hotelwallner.at\/","name":"Restaurant - Hotel Wallner","description":"Ihr Hotel &amp; Restaurant in St. Valentin im Mostviertel","publisher":{"@id":"https:\/\/www.hotelwallner.at\/#organization"},"potentialAction":[{"@type":"SearchAction","target":{"@type":"EntryPoint","urlTemplate":"https:\/\/www.hotelwallner.at\/?s={search_term_string}"},"query-input":"required name=search_term_string"}],"inLanguage":"hu"},{"@type":"Organization","@id":"https:\/\/www.hotelwallner.at\/#organization","name":"Restaurant-Hotel Wallner zum gr\u00fcnen Baum","url":"https:\/\/www.hotelwallner.at\/","logo":{"@type":"ImageObject","inLanguage":"hu","@id":"https:\/\/www.hotelwallner.at\/#\/schema\/logo\/image\/","url":"https:\/\/www.hotelwallner.at\/wp2017\/wp-content\/uploads\/2015\/05\/wallner-Logo.png","contentUrl":"https:\/\/www.hotelwallner.at\/wp2017\/wp-content\/uploads\/2015\/05\/wallner-Logo.png","width":500,"height":245,"caption":"Restaurant-Hotel Wallner zum gr\u00fcnen Baum"},"image":{"@id":"https:\/\/www.hotelwallner.at\/#\/schema\/logo\/image\/"},"sameAs":["https:\/\/www.facebook.com\/restauranthotelwallner\/","https:\/\/www.instagram.com\/restaurant_hotel_wallner\/"]}]}},"publishpress_future_action":{"enabled":false,"date":"2026-05-06 23:44:49","action":"change-status","newStatus":"draft","terms":[],"taxonomy":""},"_links":{"self":[{"href":"https:\/\/www.hotelwallner.at\/hu\/wp-json\/wp\/v2\/pages\/16312"}],"collection":[{"href":"https:\/\/www.hotelwallner.at\/hu\/wp-json\/wp\/v2\/pages"}],"about":[{"href":"https:\/\/www.hotelwallner.at\/hu\/wp-json\/wp\/v2\/types\/page"}],"author":[{"embeddable":true,"href":"https:\/\/www.hotelwallner.at\/hu\/wp-json\/wp\/v2\/users\/1"}],"replies":[{"embeddable":true,"href":"https:\/\/www.hotelwallner.at\/hu\/wp-json\/wp\/v2\/comments?post=16312"}],"version-history":[{"count":5,"href":"https:\/\/www.hotelwallner.at\/hu\/wp-json\/wp\/v2\/pages\/16312\/revisions"}],"predecessor-version":[{"id":17202,"href":"https:\/\/www.hotelwallner.at\/hu\/wp-json\/wp\/v2\/pages\/16312\/revisions\/17202"}],"wp:attachment":[{"href":"https:\/\/www.hotelwallner.at\/hu\/wp-json\/wp\/v2\/media?parent=16312"}],"curies":[{"name":"wp","href":"https:\/\/api.w.org\/{rel}","templated":true}]}}